{"id":56,"date":"2022-09-21T17:48:03","date_gmt":"2022-09-21T15:48:03","guid":{"rendered":"http:\/\/localhost\/wp-prova\/?page_id=56"},"modified":"2025-05-27T17:13:23","modified_gmt":"2025-05-27T15:13:23","slug":"domande","status":"publish","type":"page","link":"https:\/\/cittametropolitanamilano.portaleinfo.cloud\/?page_id=56","title":{"rendered":"Domande"},"content":{"rendered":"\t\t<div data-elementor-type=\"wp-page\" data-elementor-id=\"56\" class=\"elementor elementor-56\">\n\t\t\t\t\t\t<section class=\"elementor-section elementor-top-section elementor-element elementor-element-000c95c elementor-section-boxed elementor-section-height-default elementor-section-height-default\" data-id=\"000c95c\" data-element_type=\"section\">\n\t\t\t\t\t\t<div class=\"elementor-container elementor-column-gap-default\">\n\t\t\t\t\t<div class=\"elementor-column elementor-col-100 elementor-top-column elementor-element elementor-element-526b8d5\" data-id=\"526b8d5\" data-element_type=\"column\">\n\t\t\t<div class=\"elementor-widget-wrap elementor-element-populated\">\n\t\t\t\t\t\t<div class=\"elementor-element elementor-element-3082f89 elementor-widget elementor-widget-text-editor\" data-id=\"3082f89\" data-element_type=\"widget\" data-widget_type=\"text-editor.default\">\n\t\t\t\t<div class=\"elementor-widget-container\">\n\t\t\t\t\t\t\t<p>In questa sezione puoi trovare le risposte alle domande pi\u00f9 frequenti<\/p><p>\u00a0<\/p>\t\t\t\t\t\t<\/div>\n\t\t\t\t<\/div>\n\t\t\t\t<div class=\"elementor-element elementor-element-5d2043d elementor-widget elementor-widget-text-editor\" data-id=\"5d2043d\" data-element_type=\"widget\" data-widget_type=\"text-editor.default\">\n\t\t\t\t<div class=\"elementor-widget-container\">\n\t\t\t\t\t\t\t<h6><strong>NOTIFICHE TRAMITE FULMINE GROUP<\/strong><\/h6><p>Clicca <span style=\"text-decoration: underline;\"><strong><a href=\"https:\/\/fulminegroupsn.it\/punti-di-giacenza\/\">QUI<\/a> <\/strong><\/span>per visualizzare la mappa interattiva con i punti di giacenza<\/p>\t\t\t\t\t\t<\/div>\n\t\t\t\t<\/div>\n\t\t\t\t<div class=\"elementor-element elementor-element-17a6163 elementor-widget elementor-widget-eael-adv-accordion\" data-id=\"17a6163\" data-element_type=\"widget\" data-widget_type=\"eael-adv-accordion.default\">\n\t\t\t\t<div class=\"elementor-widget-container\">\n\t\t\t        <div class=\"eael-adv-accordion\" id=\"eael-adv-accordion-17a6163\" data-scroll-on-click=\"no\" data-scroll-speed=\"300\" data-accordion-id=\"17a6163\" data-accordion-type=\"accordion\" data-toogle-speed=\"300\">\n    <div class=\"eael-accordion-list\">\n                <div id=\"come-pagare-con-pagopa\" class=\"elementor-tab-title eael-accordion-header\" tabindex=\"0\" data-tab=\"1\" aria-controls=\"elementor-tab-content-2471\"><span class=\"eael-advanced-accordion-icon-closed\"><i aria-hidden=\"true\" class=\"fa-accordion-icon fas fa-plus\"><\/i><\/span><span class=\"eael-advanced-accordion-icon-opened\"><i aria-hidden=\"true\" class=\"fa-accordion-icon fas fa-minus\"><\/i><\/span><span class=\"eael-accordion-tab-title\">Come pagare con pagoPA?<\/span><i aria-hidden=\"true\" class=\"fa-toggle fas fa-angle-right\"><\/i><\/div><div id=\"elementor-tab-content-2471\" class=\"eael-accordion-content clearfix\" data-tab=\"1\" aria-labelledby=\"come-pagare-con-pagopa\"><p>Per conoscere tutte le modalit\u00e0 di pagamento attraverso pagoPA, scarica l&#8217;<a href=\"https:\/\/portaledelcittadino.blob.core.windows.net\/cittametropolitanamilano\/2021\/04\/Allegato_B_pagoPA_def.pdf\">Allegato B<\/a> nella sezione Moduli<\/p><\/div>\n                <\/div><div class=\"eael-accordion-list\">\n                <div id=\"vorrei-vedere-la-foto-dellinfrazione-commessa\" class=\"elementor-tab-title eael-accordion-header\" tabindex=\"0\" data-tab=\"2\" aria-controls=\"elementor-tab-content-2472\"><span class=\"eael-advanced-accordion-icon-closed\"><i aria-hidden=\"true\" class=\"fa-accordion-icon fas fa-plus\"><\/i><\/span><span class=\"eael-advanced-accordion-icon-opened\"><i aria-hidden=\"true\" class=\"fa-accordion-icon fas fa-minus\"><\/i><\/span><span class=\"eael-accordion-tab-title\">Vorrei vedere la foto dell\u2019infrazione commessa<\/span><i aria-hidden=\"true\" class=\"fa-toggle fas fa-angle-right\"><\/i><\/div><div id=\"elementor-tab-content-2472\" class=\"eael-accordion-content clearfix\" data-tab=\"2\" aria-labelledby=\"vorrei-vedere-la-foto-dellinfrazione-commessa\"><p>Pu\u00f2 prendere visione della documentazione fotografica alla sezione \u201c<a href=\"https:\/\/cittametropolitanamilano-portal.portaleinfo.cloud\/\" target=\"_blank\" rel=\"noopener\">Accedi al servizio<\/a>&#8221; seguendo le istruzioni riportate<\/p><\/div>\n                <\/div><div class=\"eael-accordion-list\">\n                <div id=\"vorrei-visionare-limmagine-con-ripresa-frontale\" class=\"elementor-tab-title eael-accordion-header\" tabindex=\"0\" data-tab=\"3\" aria-controls=\"elementor-tab-content-2473\"><span class=\"eael-advanced-accordion-icon-closed\"><i aria-hidden=\"true\" class=\"fa-accordion-icon fas fa-plus\"><\/i><\/span><span class=\"eael-advanced-accordion-icon-opened\"><i aria-hidden=\"true\" class=\"fa-accordion-icon fas fa-minus\"><\/i><\/span><span class=\"eael-accordion-tab-title\">Vorrei visionare l\u2019immagine con ripresa frontale<\/span><i aria-hidden=\"true\" class=\"fa-toggle fas fa-angle-right\"><\/i><\/div><div id=\"elementor-tab-content-2473\" class=\"eael-accordion-content clearfix\" data-tab=\"3\" aria-labelledby=\"vorrei-visionare-limmagine-con-ripresa-frontale\"><div id=\"ufaq-body-7aW-427-2\" class=\"ufaq-faq-body ufaq-body-427\"><div id=\"ufaq-post-427\" class=\"ewd-ufaq-post-margin ufaq-faq-post\"><p>Le normative vigenti in Italia, a tutela della privacy, vietano le inquadrature frontali, pertanto il sistema utilizzato \u00e8 omologato per inquadrare esclusivamente i dati della targa posteriore dei veicoli in presunta infrazione.<\/p><\/div><\/div><\/div>\n                <\/div><div class=\"eael-accordion-list\">\n                <div id=\"la-targa-della-foto-non-corrisponde-a-quella-del-verbale-ricevuto\" class=\"elementor-tab-title eael-accordion-header\" tabindex=\"0\" data-tab=\"4\" aria-controls=\"elementor-tab-content-2474\"><span class=\"eael-advanced-accordion-icon-closed\"><i aria-hidden=\"true\" class=\"fa-accordion-icon fas fa-plus\"><\/i><\/span><span class=\"eael-advanced-accordion-icon-opened\"><i aria-hidden=\"true\" class=\"fa-accordion-icon fas fa-minus\"><\/i><\/span><span class=\"eael-accordion-tab-title\">La targa della foto non corrisponde a quella del verbale ricevuto<\/span><i aria-hidden=\"true\" class=\"fa-toggle fas fa-angle-right\"><\/i><\/div><div id=\"elementor-tab-content-2474\" class=\"eael-accordion-content clearfix\" data-tab=\"4\" aria-labelledby=\"la-targa-della-foto-non-corrisponde-a-quella-del-verbale-ricevuto\"><div id=\"ufaq-body-7aW-427-2\" class=\"ufaq-faq-body ufaq-body-427\"><div id=\"ufaq-post-427\" class=\"ewd-ufaq-post-margin ufaq-faq-post\"><div id=\"ufaq-body-7aW-428-3\" class=\"ufaq-faq-body ufaq-body-428\"><div id=\"ufaq-post-428\" class=\"ewd-ufaq-post-margin ufaq-faq-post\"><p>Pu\u00f2 compilare il &#8220;<a href=\"https:\/\/portaledelcittadino.blob.core.windows.net\/cittametropolitanamilano\/2021\/12\/MOD_A_17_12_2021.pdf\">Modulo A<\/a>&#8221; ed inviarlo con la seguente modalit\u00e0:\u00a0<\/p><p><span class=\"ILfuVd\" lang=\"it\"><span class=\"hgKElc\">\u2022<\/span><\/span> tramite e-mail all\u2019indirizzo <a href=\"mailto:verbali.cmmi@pec.it\" target=\"_blank\" rel=\"noopener\">verbali.cmmi@pec.it<\/a> (riceve da pec o mail ordinarie)<\/p><\/div><\/div><\/div><\/div><\/div>\n                <\/div><div class=\"eael-accordion-list\">\n                <div id=\"la-targa-del-veicolo-risultava-rubata-o-clonata-alla-data-della-violazione\" class=\"elementor-tab-title eael-accordion-header\" tabindex=\"0\" data-tab=\"5\" aria-controls=\"elementor-tab-content-2475\"><span class=\"eael-advanced-accordion-icon-closed\"><i aria-hidden=\"true\" class=\"fa-accordion-icon fas fa-plus\"><\/i><\/span><span class=\"eael-advanced-accordion-icon-opened\"><i aria-hidden=\"true\" class=\"fa-accordion-icon fas fa-minus\"><\/i><\/span><span class=\"eael-accordion-tab-title\">La targa del veicolo risultava rubata o clonata alla data della violazione<\/span><i aria-hidden=\"true\" class=\"fa-toggle fas fa-angle-right\"><\/i><\/div><div id=\"elementor-tab-content-2475\" class=\"eael-accordion-content clearfix\" data-tab=\"5\" aria-labelledby=\"la-targa-del-veicolo-risultava-rubata-o-clonata-alla-data-della-violazione\"><div id=\"ufaq-body-7aW-427-2\" class=\"ufaq-faq-body ufaq-body-427\"><div id=\"ufaq-post-427\" class=\"ewd-ufaq-post-margin ufaq-faq-post\"><div id=\"ufaq-body-7aW-428-3\" class=\"ufaq-faq-body ufaq-body-428\"><div id=\"ufaq-post-428\" class=\"ewd-ufaq-post-margin ufaq-faq-post\"><div id=\"ufaq-body-7aW-429-4\" class=\"ufaq-faq-body ufaq-body-429\"><div id=\"ufaq-post-429\" class=\"ewd-ufaq-post-margin ufaq-faq-post\"><p>Pu\u00f2 compilare il &#8220;<a href=\"https:\/\/portaledelcittadino.blob.core.windows.net\/cittametropolitanamilano\/2021\/12\/MOD_A_17_12_2021.pdf\">Modulo A<\/a>&#8221; ed inviarlo con la seguente modalit\u00e0:\u00a0<\/p><p><span class=\"ILfuVd\" lang=\"it\"><span class=\"hgKElc\">\u2022<\/span><\/span> tramite e-mail all\u2019indirizzo <a href=\"mailto:verbali.cmmi@pec.it\" target=\"_blank\" rel=\"noopener\">verbali.cmmi@pec.it<\/a> (riceve da pec o mail ordinarie)<\/p><\/div><\/div><\/div><\/div><\/div><\/div><\/div>\n                <\/div><div class=\"eael-accordion-list\">\n                <div id=\"il-veicolo-multato-risultava-rubato-alla-data-della-violazione\" class=\"elementor-tab-title eael-accordion-header\" tabindex=\"0\" data-tab=\"6\" aria-controls=\"elementor-tab-content-2476\"><span class=\"eael-advanced-accordion-icon-closed\"><i aria-hidden=\"true\" class=\"fa-accordion-icon fas fa-plus\"><\/i><\/span><span class=\"eael-advanced-accordion-icon-opened\"><i aria-hidden=\"true\" class=\"fa-accordion-icon fas fa-minus\"><\/i><\/span><span class=\"eael-accordion-tab-title\">Il veicolo multato risultava rubato alla data della violazione<\/span><i aria-hidden=\"true\" class=\"fa-toggle fas fa-angle-right\"><\/i><\/div><div id=\"elementor-tab-content-2476\" class=\"eael-accordion-content clearfix\" data-tab=\"6\" aria-labelledby=\"il-veicolo-multato-risultava-rubato-alla-data-della-violazione\"><div id=\"ufaq-body-7aW-427-2\" class=\"ufaq-faq-body ufaq-body-427\"><div id=\"ufaq-post-427\" class=\"ewd-ufaq-post-margin ufaq-faq-post\"><div id=\"ufaq-body-7aW-428-3\" class=\"ufaq-faq-body ufaq-body-428\"><div id=\"ufaq-post-428\" class=\"ewd-ufaq-post-margin ufaq-faq-post\"><div id=\"ufaq-body-7aW-429-4\" class=\"ufaq-faq-body ufaq-body-429\"><div id=\"ufaq-post-429\" class=\"ewd-ufaq-post-margin ufaq-faq-post\"><div id=\"ufaq-body-7aW-430-5\" class=\"ufaq-faq-body ufaq-body-430\"><div id=\"ufaq-post-430\" class=\"ewd-ufaq-post-margin ufaq-faq-post\"><p>Pu\u00f2 compilare il &#8220;<a href=\"https:\/\/portaledelcittadino.blob.core.windows.net\/cittametropolitanamilano\/2021\/12\/MOD_A_17_12_2021.pdf\">Modulo A<\/a>&#8221; ed inviarlo con la seguente modalit\u00e0:\u00a0<\/p><p><span class=\"ILfuVd\" lang=\"it\"><span class=\"hgKElc\">\u2022<\/span><\/span> tramite e-mail all\u2019indirizzo <a href=\"mailto:verbali.cmmi@pec.it\" target=\"_blank\" rel=\"noopener\">verbali.cmmi@pec.it<\/a> (riceve da pec o mail ordinarie)<\/p><\/div><\/div><\/div><\/div><\/div><\/div><\/div><\/div><\/div>\n                <\/div><div class=\"eael-accordion-list\">\n                <div id=\"il-veicolo-non-era-di-mia-propriet-alla-data-della-violazione\" class=\"elementor-tab-title eael-accordion-header\" tabindex=\"0\" data-tab=\"7\" aria-controls=\"elementor-tab-content-2477\"><span class=\"eael-advanced-accordion-icon-closed\"><i aria-hidden=\"true\" class=\"fa-accordion-icon fas fa-plus\"><\/i><\/span><span class=\"eael-advanced-accordion-icon-opened\"><i aria-hidden=\"true\" class=\"fa-accordion-icon fas fa-minus\"><\/i><\/span><span class=\"eael-accordion-tab-title\">Il veicolo non era di mia propriet\u00e0 alla data della violazione<\/span><i aria-hidden=\"true\" class=\"fa-toggle fas fa-angle-right\"><\/i><\/div><div id=\"elementor-tab-content-2477\" class=\"eael-accordion-content clearfix\" data-tab=\"7\" aria-labelledby=\"il-veicolo-non-era-di-mia-propriet-alla-data-della-violazione\"><div id=\"ufaq-body-7aW-427-2\" class=\"ufaq-faq-body ufaq-body-427\"><div id=\"ufaq-post-427\" class=\"ewd-ufaq-post-margin ufaq-faq-post\"><div id=\"ufaq-body-7aW-428-3\" class=\"ufaq-faq-body ufaq-body-428\"><div id=\"ufaq-post-428\" class=\"ewd-ufaq-post-margin ufaq-faq-post\"><div id=\"ufaq-body-7aW-429-4\" class=\"ufaq-faq-body ufaq-body-429\"><div id=\"ufaq-post-429\" class=\"ewd-ufaq-post-margin ufaq-faq-post\"><div id=\"ufaq-body-7aW-430-5\" class=\"ufaq-faq-body ufaq-body-430\"><div id=\"ufaq-post-430\" class=\"ewd-ufaq-post-margin ufaq-faq-post\"><div id=\"ufaq-body-7aW-431-6\" class=\"ufaq-faq-body ufaq-body-431\"><div id=\"ufaq-post-431\" class=\"ewd-ufaq-post-margin ufaq-faq-post\"><p>Pu\u00f2 compilare il &#8220;<a href=\"https:\/\/portaledelcittadino.blob.core.windows.net\/cittametropolitanamilano\/2021\/12\/MOD_A_17_12_2021.pdf\">Modulo A<\/a>&#8221; ed inviarlo con la seguente modalit\u00e0:\u00a0<\/p><p><span class=\"ILfuVd\" lang=\"it\"><span class=\"hgKElc\">\u2022<\/span><\/span> tramite e-mail all\u2019indirizzo <a href=\"verbali.cmmi@pec.it\">verbali.cmmi@pec.it<\/a> (riceve da pec o mail ordinarie)<\/p><\/div><\/div><\/div><\/div><\/div><\/div><\/div><\/div><\/div><\/div><\/div>\n                <\/div><div class=\"eael-accordion-list\">\n                <div id=\"vorrei-informazioni-sugli-impianti-di-rilevazione\" class=\"elementor-tab-title eael-accordion-header\" tabindex=\"0\" data-tab=\"8\" aria-controls=\"elementor-tab-content-2478\"><span class=\"eael-advanced-accordion-icon-closed\"><i aria-hidden=\"true\" class=\"fa-accordion-icon fas fa-plus\"><\/i><\/span><span class=\"eael-advanced-accordion-icon-opened\"><i aria-hidden=\"true\" class=\"fa-accordion-icon fas fa-minus\"><\/i><\/span><span class=\"eael-accordion-tab-title\">Vorrei informazioni sugli impianti di rilevazione<\/span><i aria-hidden=\"true\" class=\"fa-toggle fas fa-angle-right\"><\/i><\/div><div id=\"elementor-tab-content-2478\" class=\"eael-accordion-content clearfix\" data-tab=\"8\" aria-labelledby=\"vorrei-informazioni-sugli-impianti-di-rilevazione\"><div id=\"ufaq-body-7aW-427-2\" class=\"ufaq-faq-body ufaq-body-427\"><div id=\"ufaq-post-427\" class=\"ewd-ufaq-post-margin ufaq-faq-post\"><div id=\"ufaq-body-7aW-428-3\" class=\"ufaq-faq-body ufaq-body-428\"><div id=\"ufaq-post-428\" class=\"ewd-ufaq-post-margin ufaq-faq-post\"><div id=\"ufaq-body-7aW-429-4\" class=\"ufaq-faq-body ufaq-body-429\"><div id=\"ufaq-post-429\" class=\"ewd-ufaq-post-margin ufaq-faq-post\"><div id=\"ufaq-body-7aW-430-5\" class=\"ufaq-faq-body ufaq-body-430\"><div id=\"ufaq-post-430\" class=\"ewd-ufaq-post-margin ufaq-faq-post\"><div id=\"ufaq-body-7aW-431-6\" class=\"ufaq-faq-body ufaq-body-431\"><div id=\"ufaq-post-431\" class=\"ewd-ufaq-post-margin ufaq-faq-post\"><div id=\"ufaq-body-7aW-2332-7\" class=\"ufaq-faq-body ufaq-body-2332\"><div id=\"ufaq-post-2332\" class=\"ewd-ufaq-post-margin ufaq-faq-post\"><p>La invitiamo a visitare la sezione &#8220;<a href=\"https:\/\/portaledelcittadinoagid.azurewebsites.net\/posizionamenti-2\/\" target=\"_blank\" rel=\"noopener\">Posizionamenti<\/a><\/p><\/div><\/div><\/div><\/div><\/div><\/div><\/div><\/div><\/div><\/div><\/div><\/div><\/div>\n                <\/div><div class=\"eael-accordion-list\">\n                <div id=\"ho-superato-il-limite-di-velocit-di-pochi-kmh\" class=\"elementor-tab-title eael-accordion-header\" tabindex=\"0\" data-tab=\"9\" aria-controls=\"elementor-tab-content-2479\"><span class=\"eael-advanced-accordion-icon-closed\"><i aria-hidden=\"true\" class=\"fa-accordion-icon fas fa-plus\"><\/i><\/span><span class=\"eael-advanced-accordion-icon-opened\"><i aria-hidden=\"true\" class=\"fa-accordion-icon fas fa-minus\"><\/i><\/span><span class=\"eael-accordion-tab-title\">Ho superato il limite di velocit\u00e0 di pochi km\/h<\/span><i aria-hidden=\"true\" class=\"fa-toggle fas fa-angle-right\"><\/i><\/div><div id=\"elementor-tab-content-2479\" class=\"eael-accordion-content clearfix\" data-tab=\"9\" aria-labelledby=\"ho-superato-il-limite-di-velocit-di-pochi-kmh\"><p>La velocit\u00e0 riportata sul verbale a Sue mani \u00e8 gi\u00e0 decurtata del 5% (con un minimo di 5 km\/h) rispetto a quella rilevata.<\/p><\/div>\n                <\/div><div class=\"eael-accordion-list\">\n                <div id=\"importi-delle-sanzioni-e-decurtazione-punti-patente\" class=\"elementor-tab-title eael-accordion-header\" tabindex=\"0\" data-tab=\"10\" aria-controls=\"elementor-tab-content-24710\"><span class=\"eael-advanced-accordion-icon-closed\"><i aria-hidden=\"true\" class=\"fa-accordion-icon fas fa-plus\"><\/i><\/span><span class=\"eael-advanced-accordion-icon-opened\"><i aria-hidden=\"true\" class=\"fa-accordion-icon fas fa-minus\"><\/i><\/span><span class=\"eael-accordion-tab-title\">Importi delle sanzioni e decurtazione punti patente<\/span><i aria-hidden=\"true\" class=\"fa-toggle fas fa-angle-right\"><\/i><\/div><div id=\"elementor-tab-content-24710\" class=\"eael-accordion-content clearfix\" data-tab=\"10\" aria-labelledby=\"importi-delle-sanzioni-e-decurtazione-punti-patente\"><p>Consulta il <a href=\"https:\/\/portaledelcittadino.blob.core.windows.net\/cittametropolitanamilano\/2021\/01\/CMM-Sintesi-Art-142-2021-2022.pdf\" target=\"_blank\" rel=\"noreferrer noopener\" aria-label=\" (si apre in una nuova scheda)\">\u201cprospetto di sintesi dell\u2019art. 142 del Codice della Strada\u201d<\/a>.<\/p><\/div>\n                <\/div><div class=\"eael-accordion-list\">\n                <div id=\"quando-previsto-il-pagamento-della-sanzione-con-lo-sconto-del-30\" class=\"elementor-tab-title eael-accordion-header\" tabindex=\"0\" data-tab=\"11\" aria-controls=\"elementor-tab-content-24711\"><span class=\"eael-advanced-accordion-icon-closed\"><i aria-hidden=\"true\" class=\"fa-accordion-icon fas fa-plus\"><\/i><\/span><span class=\"eael-advanced-accordion-icon-opened\"><i aria-hidden=\"true\" class=\"fa-accordion-icon fas fa-minus\"><\/i><\/span><span class=\"eael-accordion-tab-title\">Quando \u00e8 previsto il pagamento della sanzione con lo sconto del 30%?<\/span><i aria-hidden=\"true\" class=\"fa-toggle fas fa-angle-right\"><\/i><\/div><div id=\"elementor-tab-content-24711\" class=\"eael-accordion-content clearfix\" data-tab=\"11\" aria-labelledby=\"quando-previsto-il-pagamento-della-sanzione-con-lo-sconto-del-30\"><p>Il pagamento in misura ridotta del 30% \u00e8 calcolato sull\u2019importo della sola sanzione (e non sul totale del verbale) ed \u00e8 previsto per i pagamenti entro 5 gg. dalla data di notifica del verbale, come da Decreto-legge n. 69 del 2013, convertito con la legge 9 agosto 2013, n. 98.<\/p><\/div>\n                <\/div><div class=\"eael-accordion-list\">\n                <div id=\"vorrei-pagare-un-verbale-ma-ho-smarrito-il-bollettino\" class=\"elementor-tab-title eael-accordion-header\" tabindex=\"0\" data-tab=\"12\" aria-controls=\"elementor-tab-content-24712\"><span class=\"eael-advanced-accordion-icon-closed\"><i aria-hidden=\"true\" class=\"fa-accordion-icon fas fa-plus\"><\/i><\/span><span class=\"eael-advanced-accordion-icon-opened\"><i aria-hidden=\"true\" class=\"fa-accordion-icon fas fa-minus\"><\/i><\/span><span class=\"eael-accordion-tab-title\">Vorrei pagare un verbale ma ho smarrito il bollettino<\/span><i aria-hidden=\"true\" class=\"fa-toggle fas fa-angle-right\"><\/i><\/div><div id=\"elementor-tab-content-24712\" class=\"eael-accordion-content clearfix\" data-tab=\"12\" aria-labelledby=\"vorrei-pagare-un-verbale-ma-ho-smarrito-il-bollettino\"><p>Pu\u00f2 chiamare il Contact Center al numero\u00a0<a href=\"tel:0763\/617415\">0763\/617415<\/a> \u2013 dal luned\u00ec al venerd\u00ec dalle 8.30 alle 13.00<\/p><\/div>\n                <\/div><div class=\"eael-accordion-list\">\n                <div id=\"e-prevista-la-riduzione-del-30-dellimporto-della-sanzione-anche-se-si-presenta-istanza-di-rateizzazione\" class=\"elementor-tab-title eael-accordion-header\" tabindex=\"0\" data-tab=\"13\" aria-controls=\"elementor-tab-content-24713\"><span class=\"eael-advanced-accordion-icon-closed\"><i aria-hidden=\"true\" class=\"fa-accordion-icon fas fa-plus\"><\/i><\/span><span class=\"eael-advanced-accordion-icon-opened\"><i aria-hidden=\"true\" class=\"fa-accordion-icon fas fa-minus\"><\/i><\/span><span class=\"eael-accordion-tab-title\">E\u2019 prevista la riduzione del 30% dell\u2019importo della sanzione anche se si presenta istanza di rateizzazione?<\/span><i aria-hidden=\"true\" class=\"fa-toggle fas fa-angle-right\"><\/i><\/div><div id=\"elementor-tab-content-24713\" class=\"eael-accordion-content clearfix\" data-tab=\"13\" aria-labelledby=\"e-prevista-la-riduzione-del-30-dellimporto-della-sanzione-anche-se-si-presenta-istanza-di-rateizzazione\"><p>No. In caso sia accolta l\u2019istanza di rateizzazione, alla sanzione da corrispondere ratealmente non si applica la riduzione del 30%.<\/p><\/div>\n                <\/div><div class=\"eael-accordion-list\">\n                <div id=\"vorrei-richiedere-la-rateizzazione-per-il-pagamento-della-sanzione\" class=\"elementor-tab-title eael-accordion-header\" tabindex=\"0\" data-tab=\"14\" aria-controls=\"elementor-tab-content-24714\"><span class=\"eael-advanced-accordion-icon-closed\"><i aria-hidden=\"true\" class=\"fa-accordion-icon fas fa-plus\"><\/i><\/span><span class=\"eael-advanced-accordion-icon-opened\"><i aria-hidden=\"true\" class=\"fa-accordion-icon fas fa-minus\"><\/i><\/span><span class=\"eael-accordion-tab-title\">Vorrei richiedere la rateizzazione per il pagamento della sanzione<\/span><i aria-hidden=\"true\" class=\"fa-toggle fas fa-angle-right\"><\/i><\/div><div id=\"elementor-tab-content-24714\" class=\"eael-accordion-content clearfix\" data-tab=\"14\" aria-labelledby=\"vorrei-richiedere-la-rateizzazione-per-il-pagamento-della-sanzione\"><p>Pu\u00f2 compilare il \u201c<strong><a href=\"https:\/\/portaledelcittadino.blob.core.windows.net\/cittametropolitanamilano\/2021\/12\/MOD_C_17_12_2021.pdf\" target=\"_blank\" rel=\"noreferrer noopener\" aria-label=\" (si apre in una nuova scheda)\">Modulo C<\/a><\/strong>\u201d ed inviarlo con la seguente modalit\u00e0:<\/p><p><span class=\"ILfuVd\" lang=\"it\"><span class=\"hgKElc\">\u2022<\/span><\/span> tramite e-mail all\u2019indirizzo <a href=\"mailto:verbali.cmmi@pec.it\"><strong>verbali.cmmi@pec.it<\/strong><\/a> (riceve da pec o mail ordinarie)<\/p><\/div>\n                <\/div><div class=\"eael-accordion-list\">\n                <div id=\"vorrei-comunicare-i-dati-del-conducente\" class=\"elementor-tab-title eael-accordion-header\" tabindex=\"0\" data-tab=\"15\" aria-controls=\"elementor-tab-content-24715\"><span class=\"eael-advanced-accordion-icon-closed\"><i aria-hidden=\"true\" class=\"fa-accordion-icon fas fa-plus\"><\/i><\/span><span class=\"eael-advanced-accordion-icon-opened\"><i aria-hidden=\"true\" class=\"fa-accordion-icon fas fa-minus\"><\/i><\/span><span class=\"eael-accordion-tab-title\">Vorrei comunicare i dati del conducente<\/span><i aria-hidden=\"true\" class=\"fa-toggle fas fa-angle-right\"><\/i><\/div><div id=\"elementor-tab-content-24715\" class=\"eael-accordion-content clearfix\" data-tab=\"15\" aria-labelledby=\"vorrei-comunicare-i-dati-del-conducente\"><p>Pu\u00f2 compilare il \u201c<strong><a href=\"https:\/\/portaledelcittadino.blob.core.windows.net\/cittametropolitanamilano\/2021\/12\/MOD_B_17_12_2021.pdf\" target=\"_blank\" rel=\"noreferrer noopener\" aria-label=\" (si apre in una nuova scheda)\">Modulo B<\/a><\/strong>\u201d\u00a0ed inviarlo con una delle seguenti modalit\u00e0:<\/p><p><span class=\"ILfuVd\" lang=\"it\"><span class=\"hgKElc\">\u2022<\/span><\/span> tramite e-mail a\u00a0<a href=\"mailto:verbali.cmmi@pec.it\" target=\"_blank\" rel=\"noreferrer noopener\"><strong>verbali.cmmi@pec.it<\/strong><\/a> (riceve da pec o mail ordinarie)<\/p><\/div>\n                <\/div><div class=\"eael-accordion-list\">\n                <div id=\"posseggo-una-patente-estera-devo-comunicare-i-dati-del-conducente\" class=\"elementor-tab-title eael-accordion-header\" tabindex=\"0\" data-tab=\"16\" aria-controls=\"elementor-tab-content-24716\"><span class=\"eael-advanced-accordion-icon-closed\"><i aria-hidden=\"true\" class=\"fa-accordion-icon fas fa-plus\"><\/i><\/span><span class=\"eael-advanced-accordion-icon-opened\"><i aria-hidden=\"true\" class=\"fa-accordion-icon fas fa-minus\"><\/i><\/span><span class=\"eael-accordion-tab-title\">Posseggo una patente estera, devo comunicare i dati del conducente?<\/span><i aria-hidden=\"true\" class=\"fa-toggle fas fa-angle-right\"><\/i><\/div><div id=\"elementor-tab-content-24716\" class=\"eael-accordion-content clearfix\" data-tab=\"16\" aria-labelledby=\"posseggo-una-patente-estera-devo-comunicare-i-dati-del-conducente\"><p>Pu\u00f2 compilare il \u201c<strong><a href=\"https:\/\/portaledelcittadino.blob.core.windows.net\/cittametropolitanamilano\/2021\/12\/MOD_B_17_12_2021.pdf\" target=\"_blank\" rel=\"noreferrer noopener\" aria-label=\" (si apre in una nuova scheda)\">Modulo B<\/a><\/strong>\u201d\u00a0e consegnarlo con una delle seguenti modalit\u00e0:<\/p><p><span class=\"ILfuVd\" lang=\"it\"><span class=\"hgKElc\">\u2022<\/span><\/span> tramite e-mail a<strong>\u00a0<\/strong><a href=\"mailto:verbali.cmmi@pec.it\" target=\"_blank\" rel=\"noreferrer noopener\"><strong>verbali.cmmi@pec.it<\/strong><\/a> (riceve da pec o mail ordinarie)<\/p><p>Si informa che per sanzioni commesse in Italia, da titolari di patente estera i dati del conducente vengono raccolti a cura del Ministero dei Trasporti. In caso l\u2019utente raggiunga una decurtazione pari a 20 punti in 6 mesi sar\u00e0 oggetto di un provvedimento di inibizione alla guida in Italia per anni 1. Se la decurtazione dei 20 punti viene raggiunta in 1 anno l\u2019inibizione \u00e8 pari a mesi 6.<\/p><\/div>\n                <\/div><div class=\"eael-accordion-list\">\n                <div id=\"ho-ricevuto-un-verbale-protocollo-xx00000000-ai-sensi-dellart-126bis\" class=\"elementor-tab-title eael-accordion-header\" tabindex=\"0\" data-tab=\"17\" aria-controls=\"elementor-tab-content-24717\"><span class=\"eael-advanced-accordion-icon-closed\"><i aria-hidden=\"true\" class=\"fa-accordion-icon fas fa-plus\"><\/i><\/span><span class=\"eael-advanced-accordion-icon-opened\"><i aria-hidden=\"true\" class=\"fa-accordion-icon fas fa-minus\"><\/i><\/span><span class=\"eael-accordion-tab-title\">Ho ricevuto un \u201cVerbale Protocollo: XX00000000\u2026\u201d ai sensi dell\u2019art 126bis<\/span><i aria-hidden=\"true\" class=\"fa-toggle fas fa-angle-right\"><\/i><\/div><div id=\"elementor-tab-content-24717\" class=\"eael-accordion-content clearfix\" data-tab=\"17\" aria-labelledby=\"ho-ricevuto-un-verbale-protocollo-xx00000000-ai-sensi-dellart-126bis\"><p>La normativa prevede che per omessa comunicazione dei dati del conducente, l\u2019Ente accertatore provveda d\u2019ufficio a formalizzare un verbale di accertamento ai sensi dell\u2019art.126bis del C.d.S. Il pagamento di questo verbale solleva il trasgressore dalla decurtazione punti patente.<\/p><\/div>\n                <\/div><div class=\"eael-accordion-list\">\n                <div id=\"il-pagamento-del-verbale-protocollo-xx00000000-ai-sensi-dellart-126bis-solleva-il-trasgressore-dal-comunicare-i-dati-del-conducente\" class=\"elementor-tab-title eael-accordion-header\" tabindex=\"0\" data-tab=\"18\" aria-controls=\"elementor-tab-content-24718\"><span class=\"eael-advanced-accordion-icon-closed\"><i aria-hidden=\"true\" class=\"fa-accordion-icon fas fa-plus\"><\/i><\/span><span class=\"eael-advanced-accordion-icon-opened\"><i aria-hidden=\"true\" class=\"fa-accordion-icon fas fa-minus\"><\/i><\/span><span class=\"eael-accordion-tab-title\">Il pagamento del \u201cVerbale Protocollo: XX00000000\u2026\u201d ai sensi dell\u2019art 126bis solleva il trasgressore dal comunicare i dati del conducente?<\/span><i aria-hidden=\"true\" class=\"fa-toggle fas fa-angle-right\"><\/i><\/div><div id=\"elementor-tab-content-24718\" class=\"eael-accordion-content clearfix\" data-tab=\"18\" aria-labelledby=\"il-pagamento-del-verbale-protocollo-xx00000000-ai-sensi-dellart-126bis-solleva-il-trasgressore-dal-comunicare-i-dati-del-conducente\"><p>Si. Il pagamento di tale verbale solleva il trasgressore dall\u2019obbligo di comunicare i dati del conducente, ai fini della decurtazione punti patente.<\/p><\/div>\n                <\/div><div class=\"eael-accordion-list\">\n                <div id=\"ho-preso-una-sanzione-per-infrazione-allart-142-comma-7-devo-comunicare-i-dati-conducente\" class=\"elementor-tab-title eael-accordion-header\" tabindex=\"0\" data-tab=\"19\" aria-controls=\"elementor-tab-content-24719\"><span class=\"eael-advanced-accordion-icon-closed\"><i aria-hidden=\"true\" class=\"fa-accordion-icon fas fa-plus\"><\/i><\/span><span class=\"eael-advanced-accordion-icon-opened\"><i aria-hidden=\"true\" class=\"fa-accordion-icon fas fa-minus\"><\/i><\/span><span class=\"eael-accordion-tab-title\">Ho preso una sanzione per infrazione all\u2019art. 142 Comma 7. devo comunicare i dati conducente?<\/span><i aria-hidden=\"true\" class=\"fa-toggle fas fa-angle-right\"><\/i><\/div><div id=\"elementor-tab-content-24719\" class=\"eael-accordion-content clearfix\" data-tab=\"19\" aria-labelledby=\"ho-preso-una-sanzione-per-infrazione-allart-142-comma-7-devo-comunicare-i-dati-conducente\"><p>No. Per tale infrazione, la normativa non prevede la decurtazione dei punti patente, pertanto non \u00e8 necessaria la compilazione dei dati del conducente.<\/p><\/div>\n                <\/div><div class=\"eael-accordion-list\">\n                <div id=\"vorrei-comunicare-i-dati-del-locatario\" class=\"elementor-tab-title eael-accordion-header\" tabindex=\"0\" data-tab=\"20\" aria-controls=\"elementor-tab-content-24720\"><span class=\"eael-advanced-accordion-icon-closed\"><i aria-hidden=\"true\" class=\"fa-accordion-icon fas fa-plus\"><\/i><\/span><span class=\"eael-advanced-accordion-icon-opened\"><i aria-hidden=\"true\" class=\"fa-accordion-icon fas fa-minus\"><\/i><\/span><span class=\"eael-accordion-tab-title\">Vorrei comunicare i dati del locatario<\/span><i aria-hidden=\"true\" class=\"fa-toggle fas fa-angle-right\"><\/i><\/div><div id=\"elementor-tab-content-24720\" class=\"eael-accordion-content clearfix\" data-tab=\"20\" aria-labelledby=\"vorrei-comunicare-i-dati-del-locatario\"><p>Pu\u00f2 comunicarli tramite e-mail al seguente indirizzo: <a href=\"mailto:verbali.cmmi@pec.it\" target=\"_blank\" rel=\"noreferrer noopener\"><strong>verbali.cmmi@pec.it<\/strong><\/a><strong>\u00a0<\/strong>(riceve da pec o mail ordinarie)<\/p><\/div>\n                <\/div><div class=\"eael-accordion-list\">\n                <div id=\"la-societ-di-locazione-mi-ha-comunicato-di-un-verbale-di-accertamento-a-mio-carico-posso-ottenerne-copia\" class=\"elementor-tab-title eael-accordion-header\" tabindex=\"0\" data-tab=\"21\" aria-controls=\"elementor-tab-content-24721\"><span class=\"eael-advanced-accordion-icon-closed\"><i aria-hidden=\"true\" class=\"fa-accordion-icon fas fa-plus\"><\/i><\/span><span class=\"eael-advanced-accordion-icon-opened\"><i aria-hidden=\"true\" class=\"fa-accordion-icon fas fa-minus\"><\/i><\/span><span class=\"eael-accordion-tab-title\">La societ\u00e0 di locazione mi ha comunicato di un verbale di accertamento a mio carico, posso ottenerne copia?<\/span><i aria-hidden=\"true\" class=\"fa-toggle fas fa-angle-right\"><\/i><\/div><div id=\"elementor-tab-content-24721\" class=\"eael-accordion-content clearfix\" data-tab=\"21\" aria-labelledby=\"la-societ-di-locazione-mi-ha-comunicato-di-un-verbale-di-accertamento-a-mio-carico-posso-ottenerne-copia\"><p>La informiamo che non \u00e8 possibile inoltrare copia di eventuali sanzioni a Suo carico prima che le stesse non Le siano state notificate.<\/p><\/div>\n                <\/div><div class=\"eael-accordion-list\">\n                <div id=\"vorrei-richiedere-il-rimborso-della-sanzione\" class=\"elementor-tab-title eael-accordion-header\" tabindex=\"0\" data-tab=\"22\" aria-controls=\"elementor-tab-content-24722\"><span class=\"eael-advanced-accordion-icon-closed\"><i aria-hidden=\"true\" class=\"fa-accordion-icon fas fa-plus\"><\/i><\/span><span class=\"eael-advanced-accordion-icon-opened\"><i aria-hidden=\"true\" class=\"fa-accordion-icon fas fa-minus\"><\/i><\/span><span class=\"eael-accordion-tab-title\">Vorrei richiedere il rimborso della sanzione<\/span><i aria-hidden=\"true\" class=\"fa-toggle fas fa-angle-right\"><\/i><\/div><div id=\"elementor-tab-content-24722\" class=\"eael-accordion-content clearfix\" data-tab=\"22\" aria-labelledby=\"vorrei-richiedere-il-rimborso-della-sanzione\"><p>Pu\u00f2 compilare il \u201c<strong><a href=\"https:\/\/portaledelcittadino.blob.core.windows.net\/cittametropolitanamilano\/2021\/12\/MOD_D_17_12_2021.pdf\" target=\"_blank\" rel=\"noreferrer noopener\" aria-label=\" (si apre in una nuova scheda)\">Modulo D<\/a><\/strong>\u201d consegnarlo con una delle seguenti modalit\u00e0:<\/p><p><span class=\"ILfuVd\" lang=\"it\"><span class=\"hgKElc\">\u2022<\/span><\/span> tramite e-mail all\u2019indirizzo <a href=\"mailto:verbali.cmmi@pec.it\"><strong>verbali.cmmi@pec.it<\/strong><\/a> (riceve da pec o mail ordinarie)<\/p><p>\u00a0<\/p><\/div>\n                <\/div><div class=\"eael-accordion-list\">\n                <div id=\"vorrei-chiedere-il-rimborso-per-una-sanzione-pagata-dopo-essermi-accorto-che-il-verbale-non-era-dovuto\" class=\"elementor-tab-title eael-accordion-header\" tabindex=\"0\" data-tab=\"23\" aria-controls=\"elementor-tab-content-24723\"><span class=\"eael-advanced-accordion-icon-closed\"><i aria-hidden=\"true\" class=\"fa-accordion-icon fas fa-plus\"><\/i><\/span><span class=\"eael-advanced-accordion-icon-opened\"><i aria-hidden=\"true\" class=\"fa-accordion-icon fas fa-minus\"><\/i><\/span><span class=\"eael-accordion-tab-title\">Vorrei chiedere il rimborso per una sanzione pagata dopo essermi accorto che il verbale non era dovuto<\/span><i aria-hidden=\"true\" class=\"fa-toggle fas fa-angle-right\"><\/i><\/div><div id=\"elementor-tab-content-24723\" class=\"eael-accordion-content clearfix\" data-tab=\"23\" aria-labelledby=\"vorrei-chiedere-il-rimborso-per-una-sanzione-pagata-dopo-essermi-accorto-che-il-verbale-non-era-dovuto\"><p>Non \u00e8 possibile procedere alla richiesta di rimborso come disposto nella <em>sentenza nr. 12899 del 26 maggio 2010, della Corte di Cassazione, II Sezione Civile.<\/em><\/p><\/div>\n                <\/div><div class=\"eael-accordion-list\">\n                <div id=\"vorrei-presentare-ricorso\" class=\"elementor-tab-title eael-accordion-header\" tabindex=\"0\" data-tab=\"24\" aria-controls=\"elementor-tab-content-24724\"><span class=\"eael-advanced-accordion-icon-closed\"><i aria-hidden=\"true\" class=\"fa-accordion-icon fas fa-plus\"><\/i><\/span><span class=\"eael-advanced-accordion-icon-opened\"><i aria-hidden=\"true\" class=\"fa-accordion-icon fas fa-minus\"><\/i><\/span><span class=\"eael-accordion-tab-title\">Vorrei presentare ricorso<\/span><i aria-hidden=\"true\" class=\"fa-toggle fas fa-angle-right\"><\/i><\/div><div id=\"elementor-tab-content-24724\" class=\"eael-accordion-content clearfix\" data-tab=\"24\" aria-labelledby=\"vorrei-presentare-ricorso\"><p>Le modalit\u00e0 per la presentazione del ricorso sono indicate nell\u2019atto a Sue mani, che agevoliamo qui di seguito.<\/p><p><strong>MODALITA\u2019 PER IL RICORSO (artt. 203 e 204 bis del Decreto Legislativo 30\/04\/92 n. 285)<\/strong><\/p><p>Qualora non sia stato effettuato il pagamento in misura ridotta, il trasgressore e gli altri soggetti indicati all\u2019art. 196 D. Lgs. 285\/92, possono proporre ricorso in via alternativa:<\/p><p><span class=\"ILfuVd\" lang=\"it\"><span class=\"hgKElc\">\u2022 Entro 60 giorni dalla notifica, al Prefetto di Milano con Raccomandata A.R. indirizzata presso la sua sede di Corso Monforte 31 \u2013 20122 Milano oppure sempre al Prefetto di Milano con raccomandata A.R. indirizzata presso il Servizio di Polizia Locale della Citt\u00e0 Metropolitana di Milano \u2013 Servizio Coordinamento Operativo \u2013 Viale Piceno 60, c.a.p. 20129 \u2013 Milano.<\/span><\/span><\/p><p><span class=\"ILfuVd\" lang=\"it\"><span class=\"hgKElc\">\u2022 Entro 30 giorni dalla notifica, davanti al <a href=\"https:\/\/portaledelcittadino.blob.core.windows.net\/cittametropolitanamilano\/2022\/08\/CMM_elenco_GDP.pdf\" target=\"_blank\" rel=\"noreferrer noopener\" aria-label=\" (si apre in una nuova scheda)\">Giudice di Pace di competenza territoriale<\/a> depositandolo direttamente o a mezzo raccomandata A.R. ai sensi dell\u2019art. 7 del Decreto legislativo 150\/11.\u00a0<\/span><\/span><\/p><p>Qualora entro i termini previsti non sia stato proposto ricorso o non sia avvenuto il pagamento in misura ridotta, il verbale ricevuto costituir\u00e0 titolo esecutivo per una somma pari alla met\u00e0 del massimo della sanzione amministrativa edittale oltre le spese di procedimento.<\/p><p>\u00a0<\/p><\/div>\n                <\/div><div class=\"eael-accordion-list\">\n                <div id=\"vorrei-prendere-un-appuntamento-allo-sportello-pubblico\" class=\"elementor-tab-title eael-accordion-header\" tabindex=\"0\" data-tab=\"25\" aria-controls=\"elementor-tab-content-24725\"><span class=\"eael-advanced-accordion-icon-closed\"><i aria-hidden=\"true\" class=\"fa-accordion-icon fas fa-plus\"><\/i><\/span><span class=\"eael-advanced-accordion-icon-opened\"><i aria-hidden=\"true\" class=\"fa-accordion-icon fas fa-minus\"><\/i><\/span><span class=\"eael-accordion-tab-title\">Vorrei prendere un appuntamento allo sportello pubblico<\/span><i aria-hidden=\"true\" class=\"fa-toggle fas fa-angle-right\"><\/i><\/div><div id=\"elementor-tab-content-24725\" class=\"eael-accordion-content clearfix\" data-tab=\"25\" aria-labelledby=\"vorrei-prendere-un-appuntamento-allo-sportello-pubblico\"><p>Pu\u00f2 chiamare il Contact Center al numero\u00a0<a href=\"tel:0763\/617415\">0763\/617415<\/a> \u2013 dal luned\u00ec al venerd\u00ec dalle 8.30 alle 13.00<\/p><\/div>\n                <\/div><div class=\"eael-accordion-list\">\n                <div id=\"ho-ricevuto-una-lettera-di-avviso-bonario-prima-della-riscossione-coattiva\" class=\"elementor-tab-title eael-accordion-header\" tabindex=\"0\" data-tab=\"26\" aria-controls=\"elementor-tab-content-24726\"><span class=\"eael-advanced-accordion-icon-closed\"><i aria-hidden=\"true\" class=\"fa-accordion-icon fas fa-plus\"><\/i><\/span><span class=\"eael-advanced-accordion-icon-opened\"><i aria-hidden=\"true\" class=\"fa-accordion-icon fas fa-minus\"><\/i><\/span><span class=\"eael-accordion-tab-title\">Ho ricevuto una lettera di \u201cAvviso bonario prima della Riscossione Coattiva\u201d<\/span><i aria-hidden=\"true\" class=\"fa-toggle fas fa-angle-right\"><\/i><\/div><div id=\"elementor-tab-content-24726\" class=\"eael-accordion-content clearfix\" data-tab=\"26\" aria-labelledby=\"ho-ricevuto-una-lettera-di-avviso-bonario-prima-della-riscossione-coattiva\"><p><strong>ITALIA<\/strong><\/p><p>Pu\u00f2 provvedere entro la data di scadenza indicata sulla lettera:<\/p><p><span class=\"ILfuVd\" lang=\"it\"><span class=\"hgKElc\">\u2022 al pagamento delle somme dovute, come da bollettino allegato<\/span><\/span><\/p><p><span class=\"ILfuVd\" lang=\"it\"><span class=\"hgKElc\">\u2022 a fornire <strong>entro la data indicata nella lettera le prove dell\u2019avvenuto pagamento<\/strong>.\u00a0<\/span><\/span><\/p><p><strong>ESTERO<\/strong><\/p><p>Pu\u00f2 provvedere entro la data di scadenza indicata sulla lettera:<\/p><p><span class=\"ILfuVd\" lang=\"it\"><span class=\"hgKElc\">\u2022 al pagamento delle somme dovute<\/span><\/span><\/p><p><span class=\"ILfuVd\" lang=\"it\"><span class=\"hgKElc\">\u2022 a fornire <strong>entro la data indicata nella lettera le prove dell\u2019avvenuto pagamento<\/strong>.\u00a0<\/span><\/span><\/p><\/div>\n                <\/div><div class=\"eael-accordion-list\">\n                <div id=\"ho-ricevuto-una-lettera-di-avviso-bonario-prima-della-riscossione-coattiva-cosa-succede-se-non-pago-o-se-pago-parzialmente\" class=\"elementor-tab-title eael-accordion-header\" tabindex=\"0\" data-tab=\"27\" aria-controls=\"elementor-tab-content-24727\"><span class=\"eael-advanced-accordion-icon-closed\"><i aria-hidden=\"true\" class=\"fa-accordion-icon fas fa-plus\"><\/i><\/span><span class=\"eael-advanced-accordion-icon-opened\"><i aria-hidden=\"true\" class=\"fa-accordion-icon fas fa-minus\"><\/i><\/span><span class=\"eael-accordion-tab-title\">Ho ricevuto una lettera di \u201cAvviso bonario prima della Riscossione Coattiva\u201d: cosa succede se non pago o se pago parzialmente?<\/span><i aria-hidden=\"true\" class=\"fa-toggle fas fa-angle-right\"><\/i><\/div><div id=\"elementor-tab-content-24727\" class=\"eael-accordion-content clearfix\" data-tab=\"27\" aria-labelledby=\"ho-ricevuto-una-lettera-di-avviso-bonario-prima-della-riscossione-coattiva-cosa-succede-se-non-pago-o-se-pago-parzialmente\"><div id=\"ufaq-body-kEQ-2014-26\" class=\"ufaq-faq-body ufaq-body-2014\"><div id=\"ufaq-post-2014\" class=\"ewd-ufaq-post-margin ufaq-faq-post\"><p>Le somme ancora dovute saranno messe a Ruolo dall\u2019Ente; pertanto il trasgressore ricever\u00e0 l\u2019Ingiunzione Fiscale coattiva delle somme dovute, maggiorate degli interessi legali e delle spese di procedimento.<\/p><p>Per info rivolgersi al contact center al seguente numero: <a href=\"tel:0763\/617415\">0763\/617415<\/a><\/p><\/div><\/div><\/div>\n                <\/div><div class=\"eael-accordion-list\">\n                <div id=\"ho-ricevuto-una-lettera-di-avviso-bonario-prima-della-riscossione-coattiva-come-stata-calcolata-la-somma-da-versare\" class=\"elementor-tab-title eael-accordion-header\" tabindex=\"0\" data-tab=\"28\" aria-controls=\"elementor-tab-content-24728\"><span class=\"eael-advanced-accordion-icon-closed\"><i aria-hidden=\"true\" class=\"fa-accordion-icon fas fa-plus\"><\/i><\/span><span class=\"eael-advanced-accordion-icon-opened\"><i aria-hidden=\"true\" class=\"fa-accordion-icon fas fa-minus\"><\/i><\/span><span class=\"eael-accordion-tab-title\">Ho ricevuto una lettera di \u201cAvviso bonario prima della Riscossione Coattiva\u201d: come \u00e8 stata calcolata la somma da versare?<\/span><i aria-hidden=\"true\" class=\"fa-toggle fas fa-angle-right\"><\/i><\/div><div id=\"elementor-tab-content-24728\" class=\"eael-accordion-content clearfix\" data-tab=\"28\" aria-labelledby=\"ho-ricevuto-una-lettera-di-avviso-bonario-prima-della-riscossione-coattiva-come-stata-calcolata-la-somma-da-versare\"><div id=\"ufaq-body-kEQ-2020-27\" class=\"ufaq-faq-body ufaq-body-2020\"><div id=\"ufaq-post-2020\" class=\"ewd-ufaq-post-margin ufaq-faq-post\"><p>Qualora nei termini previsti non sia stato proposto ricorso e non sia avvenuto il pagamento in misura ridotta, il verbale costituisce titolo esecutivo per una somma pari alla met\u00e0 del massimo della sanzione amministrativa edittale e per le spese di procedimento (C.d.S. art.203 comma3).<\/p><p>Per info rivolgersi al contact center al seguente numero: <a href=\"tel:0763\/617415\">0763\/617415<\/a><\/p><\/div><\/div><\/div>\n                <\/div><div class=\"eael-accordion-list\">\n                <div id=\"ho-ricevuto-una-ingiunzione-fiscale-cosa-devo-fare\" class=\"elementor-tab-title eael-accordion-header\" tabindex=\"0\" data-tab=\"29\" aria-controls=\"elementor-tab-content-24729\"><span class=\"eael-advanced-accordion-icon-closed\"><i aria-hidden=\"true\" class=\"fa-accordion-icon fas fa-plus\"><\/i><\/span><span class=\"eael-advanced-accordion-icon-opened\"><i aria-hidden=\"true\" class=\"fa-accordion-icon fas fa-minus\"><\/i><\/span><span class=\"eael-accordion-tab-title\">Ho ricevuto una Ingiunzione Fiscale: cosa devo fare?<\/span><i aria-hidden=\"true\" class=\"fa-toggle fas fa-angle-right\"><\/i><\/div><div id=\"elementor-tab-content-24729\" class=\"eael-accordion-content clearfix\" data-tab=\"29\" aria-labelledby=\"ho-ricevuto-una-ingiunzione-fiscale-cosa-devo-fare\"><p>Effettuare il pagamento, entro il termine di 30 giorni dalla notifica, secondo le modalit\u00e0 indicate:<\/p><p><span class=\"ILfuVd\" lang=\"it\"><span class=\"hgKElc\">\u2022 tramite bollettino postale allegato<\/span><\/span><\/p><p><span class=\"ILfuVd\" lang=\"it\"><span class=\"hgKElc\">\u2022 tramite versamento sul c\/c n.001016309856 intestato a CITTA\u2019 METROPOLITANA DI MILANO RISCOSS. COATT. SANZIONI RILEV. VEL. SERV. TES. indicando la causale \u201cIngiunzione n. \u2026..\u201d<\/span><\/span><\/p><p><span class=\"ILfuVd\" lang=\"it\"><span class=\"hgKElc\">\u2022 tramite bonifico bancario intestato a CITTA\u2019 METROPOLITANA DI MILANO RISCOSS. COATT. SANZIONI RILEV. VEL. SERV. TES. alle coordinate IBAN: IT87O0760101600001016309856 indicando la causale \u201cIngiunzione n. \u2026.\u201d<\/span><\/span><\/p><p>\u00a0<\/p><\/div>\n                <\/div><div class=\"eael-accordion-list\">\n                <div id=\"ho-ricevuto-una-ingiunzione-fiscale-quali-azioni-posso-intraprendere\" class=\"elementor-tab-title eael-accordion-header\" tabindex=\"0\" data-tab=\"30\" aria-controls=\"elementor-tab-content-24730\"><span class=\"eael-advanced-accordion-icon-closed\"><i aria-hidden=\"true\" class=\"fa-accordion-icon fas fa-plus\"><\/i><\/span><span class=\"eael-advanced-accordion-icon-opened\"><i aria-hidden=\"true\" class=\"fa-accordion-icon fas fa-minus\"><\/i><\/span><span class=\"eael-accordion-tab-title\">Ho ricevuto una Ingiunzione Fiscale: quali azioni posso intraprendere?<\/span><i aria-hidden=\"true\" class=\"fa-toggle fas fa-angle-right\"><\/i><\/div><div id=\"elementor-tab-content-24730\" class=\"eael-accordion-content clearfix\" data-tab=\"30\" aria-labelledby=\"ho-ricevuto-una-ingiunzione-fiscale-quali-azioni-posso-intraprendere\"><p>Per informazioni sul presente atto, il debitore potr\u00e0 rivolgersi al contact center, dal lunedi al venerdi, dalle ore 13:00 alle ore 17:00, al numero telefonico <a href=\"tel:011\/0438846\">011\/0438846<\/a>, citando il codice presente sull\u2019atto.<\/p><\/div>\n                <\/div><div class=\"eael-accordion-list\">\n                <div id=\"ho-ricevuto-un-avviso-urgente-quali-azioni-posso-intraprendere\" class=\"elementor-tab-title eael-accordion-header\" tabindex=\"0\" data-tab=\"31\" aria-controls=\"elementor-tab-content-24731\"><span class=\"eael-advanced-accordion-icon-closed\"><i aria-hidden=\"true\" class=\"fa-accordion-icon fas fa-plus\"><\/i><\/span><span class=\"eael-advanced-accordion-icon-opened\"><i aria-hidden=\"true\" class=\"fa-accordion-icon fas fa-minus\"><\/i><\/span><span class=\"eael-accordion-tab-title\">Ho ricevuto un avviso urgente quali azioni posso intraprendere?<\/span><i aria-hidden=\"true\" class=\"fa-toggle fas fa-angle-right\"><\/i><\/div><div id=\"elementor-tab-content-24731\" class=\"eael-accordion-content clearfix\" data-tab=\"31\" aria-labelledby=\"ho-ricevuto-un-avviso-urgente-quali-azioni-posso-intraprendere\"><p>Per informazioni sul presente atto, il debitore potr\u00e0 rivolgersi al contact center, dal lunedi al venerdi, dalle ore 11:00 alle ore 13:00, al numero telefonico <a href=\"tel:011\/0438162\">011\/0438162<\/a>, citando il codice presente sull\u2019atto.<\/p><\/div>\n                <\/div><div class=\"eael-accordion-list\">\n                <div id=\"ho-ricevuto-un-preavviso-di-iscrizione-di-fermo-amministrativo-veicolo-quali-azioni-posso-intraprendere\" class=\"elementor-tab-title eael-accordion-header\" tabindex=\"0\" data-tab=\"32\" aria-controls=\"elementor-tab-content-24732\"><span class=\"eael-advanced-accordion-icon-closed\"><i aria-hidden=\"true\" class=\"fa-accordion-icon fas fa-plus\"><\/i><\/span><span class=\"eael-advanced-accordion-icon-opened\"><i aria-hidden=\"true\" class=\"fa-accordion-icon fas fa-minus\"><\/i><\/span><span class=\"eael-accordion-tab-title\">Ho ricevuto un Preavviso di iscrizione di fermo amministrativo veicolo quali azioni posso intraprendere?<\/span><i aria-hidden=\"true\" class=\"fa-toggle fas fa-angle-right\"><\/i><\/div><div id=\"elementor-tab-content-24732\" class=\"eael-accordion-content clearfix\" data-tab=\"32\" aria-labelledby=\"ho-ricevuto-un-preavviso-di-iscrizione-di-fermo-amministrativo-veicolo-quali-azioni-posso-intraprendere\"><p>Per informazioni sul presente atto, il debitore potr\u00e0 rivolgersi al contact center, dal lunedi al venerdi, dalle ore 13:00 alle ore 17:00, al numero telefonico <a href=\"tel:011\/0438846\">011\/0438846<\/a>, citando il codice presente sull\u2019atto.<\/p><\/div>\n                <\/div><div class=\"eael-accordion-list\">\n                <div id=\"ho-ricevuto-una-comunicazione-urgente-di-avvenuta-iscrizione-fermo-amministrativo-del-veicolo-quali-azioni-posso-intraprendere\" class=\"elementor-tab-title eael-accordion-header\" tabindex=\"0\" data-tab=\"33\" aria-controls=\"elementor-tab-content-24733\"><span class=\"eael-advanced-accordion-icon-closed\"><i aria-hidden=\"true\" class=\"fa-accordion-icon fas fa-plus\"><\/i><\/span><span class=\"eael-advanced-accordion-icon-opened\"><i aria-hidden=\"true\" class=\"fa-accordion-icon fas fa-minus\"><\/i><\/span><span class=\"eael-accordion-tab-title\">Ho ricevuto una comunicazione urgente di avvenuta iscrizione fermo amministrativo del veicolo. Quali azioni posso intraprendere?<\/span><i aria-hidden=\"true\" class=\"fa-toggle fas fa-angle-right\"><\/i><\/div><div id=\"elementor-tab-content-24733\" class=\"eael-accordion-content clearfix\" data-tab=\"33\" aria-labelledby=\"ho-ricevuto-una-comunicazione-urgente-di-avvenuta-iscrizione-fermo-amministrativo-del-veicolo-quali-azioni-posso-intraprendere\"><p>Per informazioni sul presente atto, il debitore potr\u00e0 rivolgersi al contact center, dal lunedi al venerdi, dalle ore 09:00 alle ore 13:00, al numero telefonico <a href=\"tel:011\/0438846\">011\/0438846<\/a>, citando il codice presente sull\u2019atto.<\/p><\/div>\n                <\/div><div class=\"eael-accordion-list\">\n                <div id=\"perch-non-indicato-se-si-tratta-di-rilievo-di-velocit-istantanea-autovelox-o-di-velocit-media-tutor\" class=\"elementor-tab-title eael-accordion-header\" tabindex=\"0\" data-tab=\"34\" aria-controls=\"elementor-tab-content-24734\"><span class=\"eael-advanced-accordion-icon-closed\"><i aria-hidden=\"true\" class=\"fa-accordion-icon fas fa-plus\"><\/i><\/span><span class=\"eael-advanced-accordion-icon-opened\"><i aria-hidden=\"true\" class=\"fa-accordion-icon fas fa-minus\"><\/i><\/span><span class=\"eael-accordion-tab-title\">Perch\u00e9 non \u00e8 indicato se si tratta di rilievo di velocit\u00e0 istantanea (autovelox) o di velocit\u00e0 media (tutor)?<\/span><i aria-hidden=\"true\" class=\"fa-toggle fas fa-angle-right\"><\/i><\/div><div id=\"elementor-tab-content-24734\" class=\"eael-accordion-content clearfix\" data-tab=\"34\" aria-labelledby=\"perch-non-indicato-se-si-tratta-di-rilievo-di-velocit-istantanea-autovelox-o-di-velocit-media-tutor\"><p>La normativa prevede che i cartelli di segnalazione riportino esclusivamente la dicitura \u201ccontrollo elettronico della velocita\u201d ovvero \u201crilevamento elettronico della velocita\u201d a prescindere dalla tipologia di apparato di rilevazione (riferimento normativo\u00a0<a href=\"https:\/\/portaledelcittadino.blob.core.windows.net\/cittametropolitanamilano\/2020\/11\/DECRETO-Ministero-Trasporti-e-MINISTERO-INTERNO-del-15.08.2007-2.pdf\" target=\"_blank\" rel=\"noreferrer noopener\" aria-label=\"All\u2019Art. 1 Punto 2 del Decreto 15 Agosto 2007 Del Ministero dell\u2019Interno (si apre in una nuova scheda)\">All\u2019Art. 1 Punto 2 del Decreto 15 Agosto 2007 Del Ministero dell\u2019Interno<\/a>) .<\/p><\/div>\n                <\/div><\/div>\t\t<\/div>\n\t\t\t\t<\/div>\n\t\t\t\t\t<\/div>\n\t\t<\/div>\n\t\t\t\t\t<\/div>\n\t\t<\/section>\n\t\t\t\t<\/div>\n\t\t","protected":false},"excerpt":{"rendered":"<p>In questa sezione puoi trovare le risposte alle domande pi\u00f9 frequenti \u00a0 NOTIFICHE TRAMITE FULMINE GROUP Clicca QUI per visualizzare la mappa interattiva con i &#8230; <\/p>\n","protected":false},"author":2,"featured_media":0,"parent":0,"menu_order":0,"comment_status":"closed","ping_status":"closed","template":"","meta":{"footnotes":""},"yoast_head":"<!-- This site is optimized with the Yoast SEO plugin v20.9 - https:\/\/yoast.com\/wordpress\/plugins\/seo\/ -->\n<title>Domande - Citt\u00e0 Metropolitana di Milano<\/title>\n<meta name=\"robots\" content=\"index, follow, max-snippet:-1, max-image-preview:large, max-video-preview:-1\" \/>\n<link rel=\"canonical\" href=\"https:\/\/cittametropolitanamilano.portaleinfo.cloud\/?page_id=56\" \/>\n<meta property=\"og:locale\" content=\"it_IT\" \/>\n<meta property=\"og:type\" content=\"article\" \/>\n<meta property=\"og:title\" content=\"Domande - Citt\u00e0 Metropolitana di Milano\" \/>\n<meta property=\"og:description\" content=\"In questa sezione puoi trovare le risposte alle domande pi\u00f9 frequenti \u00a0 NOTIFICHE TRAMITE FULMINE GROUP Clicca QUI per visualizzare la mappa interattiva con i ...\" \/>\n<meta property=\"og:url\" content=\"https:\/\/cittametropolitanamilano.portaleinfo.cloud\/?page_id=56\" \/>\n<meta property=\"og:site_name\" content=\"Citt\u00e0 Metropolitana di Milano\" \/>\n<meta property=\"article:modified_time\" content=\"2025-05-27T15:13:23+00:00\" \/>\n<meta name=\"twitter:card\" content=\"summary_large_image\" \/>\n<meta name=\"twitter:label1\" content=\"Tempo di lettura stimato\" \/>\n\t<meta name=\"twitter:data1\" content=\"9 minuti\" \/>\n<script type=\"application\/ld+json\" class=\"yoast-schema-graph\">{\"@context\":\"https:\/\/schema.org\",\"@graph\":[{\"@type\":\"WebPage\",\"@id\":\"https:\/\/cittametropolitanamilano.portaleinfo.cloud\/?page_id=56\",\"url\":\"https:\/\/cittametropolitanamilano.portaleinfo.cloud\/?page_id=56\",\"name\":\"Domande - Citt\u00e0 Metropolitana di Milano\",\"isPartOf\":{\"@id\":\"https:\/\/cittametropolitanamilano.portaleinfo.cloud\/#website\"},\"datePublished\":\"2022-09-21T15:48:03+00:00\",\"dateModified\":\"2025-05-27T15:13:23+00:00\",\"breadcrumb\":{\"@id\":\"https:\/\/cittametropolitanamilano.portaleinfo.cloud\/?page_id=56#breadcrumb\"},\"inLanguage\":\"it-IT\",\"potentialAction\":[{\"@type\":\"ReadAction\",\"target\":[\"https:\/\/cittametropolitanamilano.portaleinfo.cloud\/?page_id=56\"]}]},{\"@type\":\"BreadcrumbList\",\"@id\":\"https:\/\/cittametropolitanamilano.portaleinfo.cloud\/?page_id=56#breadcrumb\",\"itemListElement\":[{\"@type\":\"ListItem\",\"position\":1,\"name\":\"Home\",\"item\":\"https:\/\/cittametropolitanamilano.portaleinfo.cloud\/\"},{\"@type\":\"ListItem\",\"position\":2,\"name\":\"Domande\"}]},{\"@type\":\"WebSite\",\"@id\":\"https:\/\/cittametropolitanamilano.portaleinfo.cloud\/#website\",\"url\":\"https:\/\/cittametropolitanamilano.portaleinfo.cloud\/\",\"name\":\"Citt\u00e0 Metropolitana di Milano\",\"description\":\"Portale del cittadino\",\"publisher\":{\"@id\":\"https:\/\/cittametropolitanamilano.portaleinfo.cloud\/#organization\"},\"potentialAction\":[{\"@type\":\"SearchAction\",\"target\":{\"@type\":\"EntryPoint\",\"urlTemplate\":\"https:\/\/cittametropolitanamilano.portaleinfo.cloud\/?s={search_term_string}\"},\"query-input\":\"required name=search_term_string\"}],\"inLanguage\":\"it-IT\"},{\"@type\":\"Organization\",\"@id\":\"https:\/\/cittametropolitanamilano.portaleinfo.cloud\/#organization\",\"name\":\"Citt\u00e0 Metropolitana di Milano\",\"url\":\"https:\/\/cittametropolitanamilano.portaleinfo.cloud\/\",\"logo\":{\"@type\":\"ImageObject\",\"inLanguage\":\"it-IT\",\"@id\":\"https:\/\/cittametropolitanamilano.portaleinfo.cloud\/#\/schema\/logo\/image\/\",\"url\":\"\/wp-content\/uploads\/sites\/2\/2022\/12\/cropped-Il-mio-progetto.png\",\"contentUrl\":\"\/wp-content\/uploads\/sites\/2\/2022\/12\/cropped-Il-mio-progetto.png\",\"width\":80,\"height\":92,\"caption\":\"Citt\u00e0 Metropolitana di Milano\"},\"image\":{\"@id\":\"https:\/\/cittametropolitanamilano.portaleinfo.cloud\/#\/schema\/logo\/image\/\"}}]}<\/script>\n<!-- \/ Yoast SEO plugin. -->","yoast_head_json":{"title":"Domande - Citt\u00e0 Metropolitana di Milano","robots":{"index":"index","follow":"follow","max-snippet":"max-snippet:-1","max-image-preview":"max-image-preview:large","max-video-preview":"max-video-preview:-1"},"canonical":"https:\/\/cittametropolitanamilano.portaleinfo.cloud\/?page_id=56","og_locale":"it_IT","og_type":"article","og_title":"Domande - Citt\u00e0 Metropolitana di Milano","og_description":"In questa sezione puoi trovare le risposte alle domande pi\u00f9 frequenti \u00a0 NOTIFICHE TRAMITE FULMINE GROUP Clicca QUI per visualizzare la mappa interattiva con i ...","og_url":"https:\/\/cittametropolitanamilano.portaleinfo.cloud\/?page_id=56","og_site_name":"Citt\u00e0 Metropolitana di Milano","article_modified_time":"2025-05-27T15:13:23+00:00","twitter_card":"summary_large_image","twitter_misc":{"Tempo di lettura stimato":"9 minuti"},"schema":{"@context":"https:\/\/schema.org","@graph":[{"@type":"WebPage","@id":"https:\/\/cittametropolitanamilano.portaleinfo.cloud\/?page_id=56","url":"https:\/\/cittametropolitanamilano.portaleinfo.cloud\/?page_id=56","name":"Domande - Citt\u00e0 Metropolitana di Milano","isPartOf":{"@id":"https:\/\/cittametropolitanamilano.portaleinfo.cloud\/#website"},"datePublished":"2022-09-21T15:48:03+00:00","dateModified":"2025-05-27T15:13:23+00:00","breadcrumb":{"@id":"https:\/\/cittametropolitanamilano.portaleinfo.cloud\/?page_id=56#breadcrumb"},"inLanguage":"it-IT","potentialAction":[{"@type":"ReadAction","target":["https:\/\/cittametropolitanamilano.portaleinfo.cloud\/?page_id=56"]}]},{"@type":"BreadcrumbList","@id":"https:\/\/cittametropolitanamilano.portaleinfo.cloud\/?page_id=56#breadcrumb","itemListElement":[{"@type":"ListItem","position":1,"name":"Home","item":"https:\/\/cittametropolitanamilano.portaleinfo.cloud\/"},{"@type":"ListItem","position":2,"name":"Domande"}]},{"@type":"WebSite","@id":"https:\/\/cittametropolitanamilano.portaleinfo.cloud\/#website","url":"https:\/\/cittametropolitanamilano.portaleinfo.cloud\/","name":"Citt\u00e0 Metropolitana di Milano","description":"Portale del cittadino","publisher":{"@id":"https:\/\/cittametropolitanamilano.portaleinfo.cloud\/#organization"},"potentialAction":[{"@type":"SearchAction","target":{"@type":"EntryPoint","urlTemplate":"https:\/\/cittametropolitanamilano.portaleinfo.cloud\/?s={search_term_string}"},"query-input":"required name=search_term_string"}],"inLanguage":"it-IT"},{"@type":"Organization","@id":"https:\/\/cittametropolitanamilano.portaleinfo.cloud\/#organization","name":"Citt\u00e0 Metropolitana di Milano","url":"https:\/\/cittametropolitanamilano.portaleinfo.cloud\/","logo":{"@type":"ImageObject","inLanguage":"it-IT","@id":"https:\/\/cittametropolitanamilano.portaleinfo.cloud\/#\/schema\/logo\/image\/","url":"\/wp-content\/uploads\/sites\/2\/2022\/12\/cropped-Il-mio-progetto.png","contentUrl":"\/wp-content\/uploads\/sites\/2\/2022\/12\/cropped-Il-mio-progetto.png","width":80,"height":92,"caption":"Citt\u00e0 Metropolitana di Milano"},"image":{"@id":"https:\/\/cittametropolitanamilano.portaleinfo.cloud\/#\/schema\/logo\/image\/"}}]}},"_links":{"self":[{"href":"https:\/\/cittametropolitanamilano.portaleinfo.cloud\/index.php?rest_route=\/wp\/v2\/pages\/56"}],"collection":[{"href":"https:\/\/cittametropolitanamilano.portaleinfo.cloud\/index.php?rest_route=\/wp\/v2\/pages"}],"about":[{"href":"https:\/\/cittametropolitanamilano.portaleinfo.cloud\/index.php?rest_route=\/wp\/v2\/types\/page"}],"author":[{"embeddable":true,"href":"https:\/\/cittametropolitanamilano.portaleinfo.cloud\/index.php?rest_route=\/wp\/v2\/users\/2"}],"replies":[{"embeddable":true,"href":"https:\/\/cittametropolitanamilano.portaleinfo.cloud\/index.php?rest_route=%2Fwp%2Fv2%2Fcomments&post=56"}],"version-history":[{"count":9,"href":"https:\/\/cittametropolitanamilano.portaleinfo.cloud\/index.php?rest_route=\/wp\/v2\/pages\/56\/revisions"}],"predecessor-version":[{"id":4144,"href":"https:\/\/cittametropolitanamilano.portaleinfo.cloud\/index.php?rest_route=\/wp\/v2\/pages\/56\/revisions\/4144"}],"wp:attachment":[{"href":"https:\/\/cittametropolitanamilano.portaleinfo.cloud\/index.php?rest_route=%2Fwp%2Fv2%2Fmedia&parent=56"}],"curies":[{"name":"wp","href":"https:\/\/api.w.org\/{rel}","templated":true}]}}