{"id":589,"date":"2022-11-11T08:52:40","date_gmt":"2022-11-11T08:52:40","guid":{"rendered":"https:\/\/portaledelcittadinoagid.azurewebsites.net\/?page_id=589"},"modified":"2025-07-09T10:08:10","modified_gmt":"2025-07-09T08:08:10","slug":"reglamento","status":"publish","type":"page","link":"https:\/\/cittametropolitanamilano.portaleinfo.cloud\/?page_id=589&lang=es","title":{"rendered":"Reglamento"},"content":{"rendered":"\t\t<div data-elementor-type=\"wp-page\" data-elementor-id=\"589\" class=\"elementor elementor-589\">\n\t\t\t\t\t\t<section class=\"elementor-section elementor-top-section elementor-element elementor-element-bdedba7 elementor-section-boxed elementor-section-height-default elementor-section-height-default\" data-id=\"bdedba7\" data-element_type=\"section\">\n\t\t\t\t\t\t<div class=\"elementor-container elementor-column-gap-default\">\n\t\t\t\t\t<div class=\"elementor-column elementor-col-100 elementor-top-column elementor-element elementor-element-dedca40\" data-id=\"dedca40\" data-element_type=\"column\">\n\t\t\t<div class=\"elementor-widget-wrap elementor-element-populated\">\n\t\t\t\t\t\t<div class=\"elementor-element elementor-element-68cb4f7 elementor-widget elementor-widget-heading\" data-id=\"68cb4f7\" data-element_type=\"widget\" data-widget_type=\"heading.default\">\n\t\t\t\t<div class=\"elementor-widget-container\">\n\t\t\t<h2 class=\"elementor-heading-title elementor-size-default\">Reglamento<\/h2>\t\t<\/div>\n\t\t\t\t<\/div>\n\t\t\t\t\t<\/div>\n\t\t<\/div>\n\t\t\t\t\t<\/div>\n\t\t<\/section>\n\t\t\t\t<section class=\"elementor-section elementor-top-section elementor-element elementor-element-83a638f elementor-section-boxed elementor-section-height-default elementor-section-height-default\" data-id=\"83a638f\" data-element_type=\"section\">\n\t\t\t\t\t\t<div class=\"elementor-container elementor-column-gap-default\">\n\t\t\t\t\t<div class=\"elementor-column elementor-col-100 elementor-top-column elementor-element elementor-element-5611a52\" data-id=\"5611a52\" data-element_type=\"column\">\n\t\t\t<div class=\"elementor-widget-wrap elementor-element-populated\">\n\t\t\t\t\t\t<div class=\"elementor-element elementor-element-82752a4 elementor-widget elementor-widget-text-editor\" data-id=\"82752a4\" data-element_type=\"widget\" data-widget_type=\"text-editor.default\">\n\t\t\t\t<div class=\"elementor-widget-container\">\n\t\t\t\t\t\t\t<p>Las normas relativas a los l\u00ecmites de velociad y las sanciones para qui\u00e8nes no las respetan son b\u00e0sicamente establecidas en el art\u00ecculo 142 del C\u00f2digo de la Circulaci\u00f2n; adem\u00e0s en ciertos casos tambi\u00e8n existe la deducci\u00f2n de puntos de conformidad al art\u00ecculo. 126 bis CdS.<\/p><p>Las directivas del ministro del Interior Prot. 300\/A\/10307\/09\/144\/5\/20\/3 (Directiva Maroni) del 14\/08\/2009 y Prot. n. 300\/A\/5620\/17\/144\/5\/20\/3 del 21\/07\/2017 (Directiva Minniti) han definido istrucciones especificas y actividades de prevenci\u00f2n del fenomeno de accidentes de tr\u00e0fico mediante el control de los l\u00ecimites de velocidad y el uso de dispositivos especiales de control a distancia.<\/p><p>El art\u00ecculo 4 del \u201cDecreto legge 121 del 2002\u201d convertido con modificaciones de la \u201cLegge 168\/02\u201d establece, entre otras cosas, que dichos dispositivos especiales pueden ser utilizados de la Polic\u00eca de tr\u00e0nsito (polizia stradale) en carreteras suburbanas (extraurbane) principales y tambi\u00e8n en carreteras suburbanas (extraurbane) secundarias.<\/p><p>La instalaci\u00f2n de los dispositivos especiales en las carreteras suburbanas (extraurbane) secundarias debe producirse su tramos identificados con pertinente decreto del Prefecto (Prefetto). .<\/p><p>Los dispositivos colocados en las carreteras provinciales son aprobados con Decretos ejecutivos del \u201cMinistero delle infrastrutture e trasporti\u201d.<\/p>\t\t\t\t\t\t<\/div>\n\t\t\t\t<\/div>\n\t\t\t\t\t<\/div>\n\t\t<\/div>\n\t\t\t\t\t<\/div>\n\t\t<\/section>\n\t\t\t\t<section class=\"elementor-section elementor-top-section elementor-element elementor-element-8b0ae47 elementor-section-boxed elementor-section-height-default elementor-section-height-default\" data-id=\"8b0ae47\" data-element_type=\"section\">\n\t\t\t\t\t\t<div class=\"elementor-container elementor-column-gap-default\">\n\t\t\t\t\t<div class=\"elementor-column elementor-col-100 elementor-top-column elementor-element elementor-element-e0be665\" data-id=\"e0be665\" data-element_type=\"column\">\n\t\t\t<div class=\"elementor-widget-wrap elementor-element-populated\">\n\t\t\t\t\t\t<div class=\"elementor-element elementor-element-ee73044 elementor-widget elementor-widget-text-editor\" data-id=\"ee73044\" data-element_type=\"widget\" data-widget_type=\"text-editor.default\">\n\t\t\t\t<div class=\"elementor-widget-container\">\n\t\t\t\t\t\t\t<p><strong>Control de infracciones de sem\u00e1foros:<\/strong><\/p><p>La primera referencia es el art\u00edculo 41 del C\u00f3digo de Carreteras (Decreto Legislativo 285\/92), que en los p\u00e1rrafos del 9\/10\/11 regula el paso de veh\u00edculos a los sem\u00e1foros.<\/p><p>Durante el per\u00edodo en que el piloto est\u00e1 encendido, los veh\u00edculos pueden avanzar en todas las direcciones permitidas por las se\u00f1ales verticales y horizontales, pero no pueden entrar en el \u00e1rea de intersecci\u00f3n si los conductores no est\u00e1n seguros de poder despejarlo antes de encender la luz roja (.. .).<\/p><p>Durante el per\u00edodo de encendido amarillo, los veh\u00edculos no pueden pasar la tira de detenci\u00f3n a menos que est\u00e9n tan cerca uno del otro cuando se enciende la luz amarilla que ya no pueden detenerse en condiciones suficientemente seguras; en este caso, deben despejar r\u00e1pidamente el \u00e1rea de la intersecci\u00f3n con la debida precauci\u00f3n.<\/p><p>Durante el per\u00edodo de encendido rojo, los veh\u00edculos no deben exceder la tira de detenci\u00f3n; en ausencia de dicha franja, los veh\u00edculos no deben entrar en el \u00e1rea de intersecci\u00f3n, ni en el paso de peatones, ni pasar la se\u00f1al, para poder observar las indicaciones.<\/p>\t\t\t\t\t\t<\/div>\n\t\t\t\t<\/div>\n\t\t\t\t\t<\/div>\n\t\t<\/div>\n\t\t\t\t\t<\/div>\n\t\t<\/section>\n\t\t\t\t<section class=\"elementor-section elementor-top-section elementor-element elementor-element-898ef1c elementor-section-boxed elementor-section-height-default elementor-section-height-default\" data-id=\"898ef1c\" data-element_type=\"section\">\n\t\t\t\t\t\t<div class=\"elementor-container elementor-column-gap-default\">\n\t\t\t\t\t<div class=\"elementor-column elementor-col-100 elementor-top-column elementor-element elementor-element-347238d\" data-id=\"347238d\" data-element_type=\"column\">\n\t\t\t<div class=\"elementor-widget-wrap elementor-element-populated\">\n\t\t\t\t\t\t<div class=\"elementor-element elementor-element-51a2350 elementor-widget elementor-widget-eael-adv-accordion\" data-id=\"51a2350\" data-element_type=\"widget\" data-widget_type=\"eael-adv-accordion.default\">\n\t\t\t\t<div class=\"elementor-widget-container\">\n\t\t\t        <div class=\"eael-adv-accordion\" id=\"eael-adv-accordion-51a2350\" data-scroll-on-click=\"no\" data-scroll-speed=\"300\" data-accordion-id=\"51a2350\" data-accordion-type=\"accordion\" data-toogle-speed=\"300\">\n    <div class=\"eael-accordion-list\">\n                <div id=\"directivas-del-ministerio-del-interior\" class=\"elementor-tab-title eael-accordion-header\" tabindex=\"0\" data-tab=\"1\" aria-controls=\"elementor-tab-content-8551\"><span class=\"eael-advanced-accordion-icon-closed\"><i aria-hidden=\"true\" class=\"fa-accordion-icon fas fa-plus\"><\/i><\/span><span class=\"eael-advanced-accordion-icon-opened\"><i aria-hidden=\"true\" class=\"fa-accordion-icon fas fa-minus\"><\/i><\/span><span class=\"eael-accordion-tab-title\">Directivas del Ministerio del Interior<\/span><i aria-hidden=\"true\" class=\"fa-toggle fas fa-angle-right\"><\/i><\/div><div id=\"elementor-tab-content-8551\" class=\"eael-accordion-content clearfix\" data-tab=\"1\" aria-labelledby=\"directivas-del-ministerio-del-interior\"><p><span class=\"ILfuVd\" lang=\"it\"><span class=\"hgKElc\">\u2022<\/span><\/span> <a href=\"https:\/\/portaledelcittadino.blob.core.windows.net\/cittametropolitanamilano\/2019\/06\/Direttiva_Maroni_2009_e_Allegato1.pdf\">Directiva del Ministerio del Interior de 14 agosto 2009 (denominada \u201cDirectiva Maroni\u201d) <\/a><br \/><span class=\"ILfuVd\" lang=\"it\"><span class=\"hgKElc\">\u2022<\/span><\/span> <a href=\"https:\/\/portaledelcittadino.blob.core.windows.net\/cittametropolitanamilano\/2019\/06\/Direttiva-Minniti_210717.pdf\"> Directiva del Ministerio del Interior de 21 de julio de 2017 (denominada Directiva de Minniti) <\/a><\/p><\/div>\n                <\/div><div class=\"eael-accordion-list\">\n                <div id=\"cdigo-de-la-circulacin\" class=\"elementor-tab-title eael-accordion-header\" tabindex=\"0\" data-tab=\"2\" aria-controls=\"elementor-tab-content-8552\"><span class=\"eael-advanced-accordion-icon-closed\"><i aria-hidden=\"true\" class=\"fa-accordion-icon fas fa-plus\"><\/i><\/span><span class=\"eael-advanced-accordion-icon-opened\"><i aria-hidden=\"true\" class=\"fa-accordion-icon fas fa-minus\"><\/i><\/span><span class=\"eael-accordion-tab-title\">C\u00f2digo de la Circulaci\u00f2n<\/span><i aria-hidden=\"true\" class=\"fa-toggle fas fa-angle-right\"><\/i><\/div><div id=\"elementor-tab-content-8552\" class=\"eael-accordion-content clearfix\" data-tab=\"2\" aria-labelledby=\"cdigo-de-la-circulacin\"><p><span class=\"ILfuVd\" lang=\"it\"><span class=\"hgKElc\">\u2022<\/span><\/span> <a href=\"https:\/\/portaledelcittadino.blob.core.windows.net\/cittametropolitanamilano\/2021\/01\/CMM-Sintesi-Art-142-2021-2022.pdf\" target=\"_blank\" rel=\"noopener\"> S\u00ecntesis del art. 142 C\u00f2digo de la Circulaci\u00f2n: multas y ulteriores (reducci\u00f2n puntos y suspensi\u00f2n del perm\u00ecso de conducir) <\/a><\/p><p><span class=\"ILfuVd\" lang=\"it\"><span class=\"hgKElc\">\u2022<\/span><\/span> <a href=\"https:\/\/portaledelcittadino.blob.core.windows.net\/cittametropolitanamilano\/2021\/09\/CMM-Sintesi-Art-146-2021-2022.pdf\" target=\"_blank\" rel=\"noopener\"> S\u00ecntesis del art. 146 C\u00f2digo de la Circulaci\u00f2n: multas y ulteriores (reducci\u00f2n puntos y suspensi\u00f2n del perm\u00ecso de conducir) <\/a><\/p><\/div>\n                <\/div><div class=\"eael-accordion-list\">\n                <div id=\"decretos-ejecutivos-aprobando-dispositivos-de-deteccin-de-velocidad\" class=\"elementor-tab-title eael-accordion-header\" tabindex=\"0\" data-tab=\"3\" aria-controls=\"elementor-tab-content-8553\"><span class=\"eael-advanced-accordion-icon-closed\"><i aria-hidden=\"true\" class=\"fa-accordion-icon fas fa-plus\"><\/i><\/span><span class=\"eael-advanced-accordion-icon-opened\"><i aria-hidden=\"true\" class=\"fa-accordion-icon fas fa-minus\"><\/i><\/span><span class=\"eael-accordion-tab-title\">Decretos ejecutivos aprobando dispositivos de detecci\u00f3n de velocidad<\/span><i aria-hidden=\"true\" class=\"fa-toggle fas fa-angle-right\"><\/i><\/div><div id=\"elementor-tab-content-8553\" class=\"eael-accordion-content clearfix\" data-tab=\"3\" aria-labelledby=\"decretos-ejecutivos-aprobando-dispositivos-de-deteccin-de-velocidad\"><p><span class=\"ILfuVd\" lang=\"it\"><span class=\"hgKElc\">\u2022 <\/span><\/span><a href=\"https:\/\/portaledelcittadino.blob.core.windows.net\/cittametropolitanamilano\/2025\/SP%20ex%20SS%20415\/M_DIP.SISTRA.REGISTRO%20DECRETI(R).0000290.25-07-2023.pdf\">Decreto Ejecutivo Prot. 309 of 25\/07\/2023 &#8211; Aprobaci\u00f3n CELERITAS MVD 2022<\/a><\/p><p><span class=\"ILfuVd\" lang=\"it\"><span class=\"hgKElc\">\u2022 <\/span><\/span><a href=\"https:\/\/portaledelcittadino.blob.core.windows.net\/cittametropolitanamilano\/2024\/DECRETI\/m_inf.AFC41FC.REGISTRO%20DECRETI(R).0000309.21-06-2024.pdf\">Decreto Ejecutivo Prot. 309 of 21\/06\/2024<\/a><\/p><p><span class=\"ILfuVd\" lang=\"it\"><span class=\"hgKElc\">\u2022<\/span><\/span> <a href=\"https:\/\/portaledelcittadino.blob.core.windows.net\/cittametropolitanamilano\/2019\/06\/Decreto_dirigenziale_12_marzo_2009_n_12_it___automatica_.pdf\" target=\"_blank\" rel=\"noopener\"> Decreto Ejecutivo Prot. 1281 del 12\/03\/2009 \u2013 Aprobaci\u00f2n MULTARADAR S580<\/a><\/p><p><span class=\"ILfuVd\" lang=\"it\"><span class=\"hgKElc\">\u2022<\/span><\/span> <a href=\"https:\/\/portaledelcittadino.blob.core.windows.net\/cittametropolitanamilano\/2019\/06\/Decreto_dirigenziale_19_aprile_2011_n_2_uppo_di_ripresa_.pdf\" target=\"_blank\" rel=\"noopener\"> Decreto Ejecutivo Prot. 2217 del 19\/04\/2011 \u2013 Extensi\u00f2n aprobaci\u00f2n MULTARADAR S580<\/a><\/p><p><span class=\"ILfuVd\" lang=\"it\"><span class=\"hgKElc\">\u2022\u00a0<a href=\"https:\/\/portaledelcittadino.blob.core.windows.net\/cittametropolitanamilano\/2019\/06\/Decreto-di-aprovazione_ENVES-EVO-MVD_29_03_2013.pdf\" target=\"_blank\" rel=\"noopener\"> Decreto Ejecutivo Prot. 1883 del 29\/03\/2013 \u2013 Aprobaci\u00f2n EnVES EVO MVD <\/a><\/span><\/span><\/p><p><span class=\"ILfuVd\" lang=\"it\"><span class=\"hgKElc\">\u2022\u00a0<a href=\"https:\/\/portaledelcittadino.blob.core.windows.net\/cittametropolitanamilano\/2019\/06\/EnVES-EVO-MVD_Decreto-di-estensione-di-approvazione_Prot-4121_09_07_2013.pdf\" target=\"_blank\" rel=\"noopener\"> Decreto Ejecutivo Prot. 4121 del 09\/07\/2013 \u2013 Extensi\u00f2n aprobaci\u00f2n EnVES EVO MVD <\/a><\/span><\/span><\/p><p><span class=\"ILfuVd\" lang=\"it\"><span class=\"hgKElc\">\u2022\u00a0<a href=\"https:\/\/portaledelcittadino.blob.core.windows.net\/cittametropolitanamilano\/2019\/06\/Decreto-1584-del-03.04.2014.pdf\" target=\"_blank\" rel=\"noopener\"> Decreto Ejecutivo Prot. 1584 del 03\/04\/2014 \u2013 Extensi\u00f2n aprobaci\u00f2n EnVES EVO MVD <\/a><\/span><\/span><\/p><p><span class=\"ILfuVd\" lang=\"it\"><span class=\"hgKElc\">\u2022\u00a0<a href=\"https:\/\/portaledelcittadino.blob.core.windows.net\/cittametropolitanamilano\/2019\/06\/MVD1309-n.2800-del-13-05-2016.pdf\" target=\"_blank\" rel=\"noopener\">Decreto Ejecutivo Prot. 2800 del 03\/05\/2016 \u2013 Extensi\u00f2n aprobaci\u00f2n EnVES EVO MVD 1309<\/a><\/span><\/span><\/p><p><span class=\"ILfuVd\" lang=\"it\"><span class=\"hgKElc\">\u2022\u00a0<a href=\"https:\/\/portaledelcittadino.blob.core.windows.net\/cittametropolitanamilano\/2019\/06\/Decreto_dirigenziale_1550-17032017.pdf\" target=\"_blank\" rel=\"noopener\">Decreto Ejecutivo Prot. 1550 del 17\/03\/2017 \u2013 Aprobaci\u00f2n EnVES EVO MVD 1605<\/a><\/span><\/span><\/p><p><span class=\"ILfuVd\" lang=\"it\"><span class=\"hgKElc\">\u2022 <a href=\"https:\/\/portaledelcittadino.blob.core.windows.net\/cittametropolitanamilano\/2019\/06\/Decreto_dirigenziale_4020_21062017_EnVES-EVO_MVD_1605.pdf\" target=\"_blank\" rel=\"noopener\">Decreto Ejecutivo Prot. 4020 del 21\/06\/2017 \u2013 Extensi\u00f2n aprobaci\u00f2n EnVES EVO MVD 1605<\/a><\/span><\/span><\/p><p><span class=\"ILfuVd\" lang=\"it\"><span class=\"hgKElc\">\u2022 <a href=\"https:\/\/portaledelcittadino.blob.core.windows.net\/cittametropolitanamilano\/2020\/12\/Decreto-183-del-01.06.2020-EnVES-EVO-MVD-1605.pdf\" target=\"_blank\" rel=\"noopener\">Decreto Ejecutivo Prot. 183 del 01\/06\/2020 \u2013 Extensi\u00f2n aprobaci\u00f2n EnVES EVO MVD 1605<\/a><\/span><\/span><\/p><p><span class=\"ILfuVd\" lang=\"it\"><span class=\"hgKElc\">\u2022 <a href=\"https:\/\/portaledelcittadino.blob.core.windows.net\/cittametropolitanamilano\/2020\/05\/Decreto-4671-del-28.07.2016-CELERITAS-EVO-1506.pdf\" target=\"_blank\" rel=\"noopener\">Decreto Ejecutivo Prot. 4671 del 28\/07\/2016 \u2013 Aprobaci\u00f2n CELERITAS EVO 1506<\/a><\/span><\/span><\/p><p><span class=\"ILfuVd\" lang=\"it\"><span class=\"hgKElc\">\u2022 <a href=\"https:\/\/portaledelcittadino.blob.core.windows.net\/cittametropolitanamilano\/2020\/05\/Decreto-4018-del-21.06.17-CELERITAS-EVO-1506.pdf\" target=\"_blank\" rel=\"noopener\">Decreto Ejecutivo Prot. 4018 del 28\/06\/2017 \u2013 Extensi\u00f2n aprobaci\u00f2n CELERITAS EVO 1506<\/a><\/span><\/span><\/p><p><span class=\"ILfuVd\" lang=\"it\"><span class=\"hgKElc\">\u2022 <a href=\"https:\/\/portaledelcittadino.blob.core.windows.net\/cittametropolitanamilano\/2023\/12\/103\/Decreto%20290%20del%2025.07.2023%20Approvazione%20CELERITAS%20MVD%202022.pdf\" target=\"_blank\" rel=\"noopener\">Decreto Ejecutivo Prot. 290 del 25\/07\/2023 Approvazione CELERITAS MVD 2022<\/a><\/span><\/span><\/p><p><span class=\"ILfuVd\" lang=\"it\"><span class=\"hgKElc\">\u2022 <a href=\"https:\/\/portaledelcittadino.blob.core.windows.net\/cittametropolitanamilano\/2022\/03\/Decreto-552-del-23.12.2021-Estensione-CELERITAS-EVO-1506.pdf\" target=\"_blank\" rel=\"noopener\">Decreto Ejecutivo Prot. 522 del 23\/12\/2021 \u2013 Extensi\u00f2n aprobaci\u00f2n CELERITAS EVO 1506 <\/a><\/span><\/span><\/p><\/div>\n                <\/div><div class=\"eael-accordion-list\">\n                <div id=\"decretos-prefecturales-que-identifican-carreteras-adecuadas-para-la-instalacin-de-medidores-de-velocidad\" class=\"elementor-tab-title eael-accordion-header\" tabindex=\"0\" data-tab=\"4\" aria-controls=\"elementor-tab-content-8554\"><span class=\"eael-advanced-accordion-icon-closed\"><i aria-hidden=\"true\" class=\"fa-accordion-icon fas fa-plus\"><\/i><\/span><span class=\"eael-advanced-accordion-icon-opened\"><i aria-hidden=\"true\" class=\"fa-accordion-icon fas fa-minus\"><\/i><\/span><span class=\"eael-accordion-tab-title\">Decretos prefecturales que identifican carreteras adecuadas para la instalaci\u00f3n de medidores de velocidad<\/span><i aria-hidden=\"true\" class=\"fa-toggle fas fa-angle-right\"><\/i><\/div><div id=\"elementor-tab-content-8554\" class=\"eael-accordion-content clearfix\" data-tab=\"4\" aria-labelledby=\"decretos-prefecturales-que-identifican-carreteras-adecuadas-para-la-instalacin-de-medidores-de-velocidad\"><p><span class=\"ILfuVd\" lang=\"it\"><span class=\"hgKElc\">\u2022<\/span><\/span> <a href=\"https:\/\/portaledelcittadino.blob.core.windows.net\/cittametropolitanamilano\/2019\/06\/111-MC-2002-AREA-IV.pdf\" target=\"_blank\" rel=\"noopener\"> Decreto prefectural Prot. 111\/MC\/2002 Area IV del 16\/07\/2004 identificaci\u00f3n de S.P. 40 como una carretera adecuada para la instalaci\u00f3n del medidor de velocidad (c.2. Art.4 L.168 \/ 02)<\/a><\/p><p><span class=\"ILfuVd\" lang=\"it\"><span class=\"hgKElc\">\u2022<\/span><\/span> <a href=\"https:\/\/portaledelcittadino.blob.core.windows.net\/cittametropolitanamilano\/2019\/06\/111-MC-2002-AREA-III.pdf\" target=\"_blank\" rel=\"noopener\"> Decreto prefectural Prot. 111\/MC\/2002 Area III del 29\/09\/2010 identificaci\u00f3n de S.P. 30 y S.P. 203 como una carretera adecuada para la instalaci\u00f3n del medidor de velocidad (c.2. Art.4 L.168 \/ 02) <\/a><\/p><p><span class=\"ILfuVd\" lang=\"it\"><span class=\"hgKElc\">\u2022<\/span><\/span> <a href=\"https:\/\/portaledelcittadino.blob.core.windows.net\/cittametropolitanamilano\/2022\/06\/Decreto-prefettizio-Prot.-111MC2002-Area-IV.pdf\" target=\"_blank\" rel=\"noopener\"> Decreto prefectural Prot. 111\/MC\/2002 Area IV del 30\/07\/2003<\/a><\/p><\/div>\n                <\/div><div class=\"eael-accordion-list\">\n                <div id=\"lmites-de-velocidad-de-orden\" class=\"elementor-tab-title eael-accordion-header\" tabindex=\"0\" data-tab=\"5\" aria-controls=\"elementor-tab-content-8555\"><span class=\"eael-advanced-accordion-icon-closed\"><i aria-hidden=\"true\" class=\"fa-accordion-icon fas fa-plus\"><\/i><\/span><span class=\"eael-advanced-accordion-icon-opened\"><i aria-hidden=\"true\" class=\"fa-accordion-icon fas fa-minus\"><\/i><\/span><span class=\"eael-accordion-tab-title\">L\u00edmites de velocidad de orden<\/span><i aria-hidden=\"true\" class=\"fa-toggle fas fa-angle-right\"><\/i><\/div><div id=\"elementor-tab-content-8555\" class=\"eael-accordion-content clearfix\" data-tab=\"5\" aria-labelledby=\"lmites-de-velocidad-de-orden\"><p><span class=\"ILfuVd\" lang=\"it\"><span class=\"hgKElc\">\u2022<\/span><\/span> <a href=\"https:\/\/portaledelcittadino.blob.core.windows.net\/cittametropolitanamilano\/2019\/06\/Ordinanza-_-SP35_80km-h.pdf\" target=\"_blank\" rel=\"noopener\"> Ordenanza provincial del 13\/10\/10 Establecimiento del l\u00edmite de velocidad de 80 km en el S.P. ex S.S. 35 Milano \u2013 Meda<\/a><\/p><p><span class=\"ILfuVd\" lang=\"it\"><span class=\"hgKElc\">\u2022<\/span><\/span> <a href=\"https:\/\/portaledelcittadino.blob.core.windows.net\/cittametropolitanamilano\/2020\/08\/Ordinanza_limiti_SP_ex_SS35_Milano_Meda.pdf\" target=\"_blank\" rel=\"noopener\"> Ordenanza Provincial de 12\/12\/12 Establecimiento de l\u00edmites de velocidad en el S.P. ex S.S. 35 Milano \u2013 Meda<\/a><\/p><p><span class=\"ILfuVd\" lang=\"it\"><span class=\"hgKElc\">\u2022<\/span><\/span> <a href=\"https:\/\/portaledelcittadino.blob.core.windows.net\/cittametropolitanamilano\/2019\/06\/Ordinanza_limiti_SP-103_Cassanese_Moderna.pdf\" target=\"_blank\" rel=\"noopener\"> Ordenanza provincial de 31\/12\/14 Establecimiento de l\u00edmites de velocidad en el S.P. 103 Cassanese Moderna<\/a><\/p><p><span class=\"ILfuVd\" lang=\"it\"><span class=\"hgKElc\">\u2022<\/span><\/span> <a href=\"https:\/\/portaledelcittadino.blob.core.windows.net\/cittametropolitanamilano\/2020\/08\/Ordinanza_limiti_SP_ex_SS412_della_Val_Tidone.pdf\" target=\"_blank\" rel=\"noopener\"> Ordenanza provincial de 27\/08\/20 Establecimiento de l\u00edmites de velocidad en el S.P. ex S.S. 412 della Val Tidone<\/a><\/p><p><span class=\"ILfuVd\" lang=\"it\"><span class=\"hgKElc\">\u2022<\/span><\/span> <a href=\"https:\/\/portaledelcittadino.blob.core.windows.net\/cittametropolitanamilano\/2020\/09\/Ordinanza-limiti-SP-ex-SS11-Padana-Superiore.pdf\" target=\"_blank\" rel=\"noopener\"> Ordenanza provincial de 23\/09\/20 Establecimiento de l\u00edmites de velocidad en el S.P. ex S.S. 11 Padana Superiore<\/a><\/p><p><span class=\"ILfuVd\" lang=\"it\"><span class=\"hgKElc\">\u2022<\/span><\/span> <a href=\"https:\/\/portaledelcittadino.blob.core.windows.net\/cittametropolitanamilano\/2020\/12\/Ordinanza-limiti-S.P.-30-Binasco-Vermezzo.pdf\" target=\"_blank\" rel=\"noopener\"> Ordenanza provincial de 12\/10\/20 Establecimiento de l\u00edmites de velocidad en el S.P. 30 Binasco-Vermezzo<\/a><\/p><p><span class=\"ILfuVd\" lang=\"it\"><span class=\"hgKElc\">\u2022<\/span><\/span> <a href=\"https:\/\/portaledelcittadino.blob.core.windows.net\/cittametropolitanamilano\/2022\/06\/120239-Ordinanza-SP15b-70km-h.pdf\" target=\"_blank\" rel=\"noopener\"> Ordenanza provincial de 30\/05\/22 Establecimiento de l\u00edmites de velocidad en el S.P. 15 bis Paullese \u2013 Circonvallazione Idroscalo<\/a><\/p><\/div>\n                <\/div><div class=\"eael-accordion-list\">\n                <div id=\"decretos-del-ministerio-del-interior-y-transporte\" class=\"elementor-tab-title eael-accordion-header\" tabindex=\"0\" data-tab=\"6\" aria-controls=\"elementor-tab-content-8556\"><span class=\"eael-advanced-accordion-icon-closed\"><i aria-hidden=\"true\" class=\"fa-accordion-icon fas fa-plus\"><\/i><\/span><span class=\"eael-advanced-accordion-icon-opened\"><i aria-hidden=\"true\" class=\"fa-accordion-icon fas fa-minus\"><\/i><\/span><span class=\"eael-accordion-tab-title\">Decretos del Ministerio del Interior y Transporte<\/span><i aria-hidden=\"true\" class=\"fa-toggle fas fa-angle-right\"><\/i><\/div><div id=\"elementor-tab-content-8556\" class=\"eael-accordion-content clearfix\" data-tab=\"6\" aria-labelledby=\"decretos-del-ministerio-del-interior-y-transporte\"><p><span class=\"ILfuVd\" lang=\"it\"><span class=\"hgKElc\">\u2022<\/span><\/span> <a href=\"https:\/\/portaledelcittadino.blob.core.windows.net\/cittametropolitanamilano\/2020\/11\/DECRETO-Ministero-Trasporti-e-MINISTERO-INTERNO-del-15.08.2007-2.pdf\" target=\"_blank\" rel=\"noopener\"> Decreto del Ministerio del Interior del 15 de agosto de 2007<\/a><\/p><\/div>\n                <\/div><div class=\"eael-accordion-list\">\n                <div id=\"directivas-del-ministerio-de-infraestructuras-y-transportes\" class=\"elementor-tab-title eael-accordion-header\" tabindex=\"0\" data-tab=\"7\" aria-controls=\"elementor-tab-content-8557\"><span class=\"eael-advanced-accordion-icon-closed\"><i aria-hidden=\"true\" class=\"fa-accordion-icon fas fa-plus\"><\/i><\/span><span class=\"eael-advanced-accordion-icon-opened\"><i aria-hidden=\"true\" class=\"fa-accordion-icon fas fa-minus\"><\/i><\/span><span class=\"eael-accordion-tab-title\">Directivas del Ministerio de Infraestructuras y Transportes<\/span><i aria-hidden=\"true\" class=\"fa-toggle fas fa-angle-right\"><\/i><\/div><div id=\"elementor-tab-content-8557\" class=\"eael-accordion-content clearfix\" data-tab=\"7\" aria-labelledby=\"directivas-del-ministerio-de-infraestructuras-y-transportes\"><p><span class=\"ILfuVd\" lang=\"it\"><span class=\"hgKElc\">\u2022<\/span><\/span> <a href=\"https:\/\/portaledelcittadino.blob.core.windows.net\/cittametropolitanamilano\/2022\/10\/Circolare_ministero-delle-infrastrutture-e-dei-Trasporti_11nov2020.pdf\" target=\"_blank\" rel=\"noopener\"> Circular Ministerio de Infraestructuras y Transportes de 11 de noviembre de 2020<\/a><\/p><\/div>\n                <\/div><div class=\"eael-accordion-list\">\n                <div id=\"clasificacin-tcnico-funcional-de-carreteras\" class=\"elementor-tab-title eael-accordion-header\" tabindex=\"0\" data-tab=\"8\" aria-controls=\"elementor-tab-content-8558\"><span class=\"eael-advanced-accordion-icon-closed\"><i aria-hidden=\"true\" class=\"fa-accordion-icon fas fa-plus\"><\/i><\/span><span class=\"eael-advanced-accordion-icon-opened\"><i aria-hidden=\"true\" class=\"fa-accordion-icon fas fa-minus\"><\/i><\/span><span class=\"eael-accordion-tab-title\">Clasificaci\u00f3n t\u00e9cnico-funcional de carreteras<\/span><i aria-hidden=\"true\" class=\"fa-toggle fas fa-angle-right\"><\/i><\/div><div id=\"elementor-tab-content-8558\" class=\"eael-accordion-content clearfix\" data-tab=\"8\" aria-labelledby=\"clasificacin-tcnico-funcional-de-carreteras\"><ul><li><a href=\"https:\/\/portaledelcittadino.blob.core.windows.net\/cittametropolitanamilano\/2019\/06\/Classificazione-strade-extraurbane-principali-della-Provincia-di-Milano.pdf\">Clasificaci\u00f3n t\u00e9cnico-funcional de las principales v\u00edas extraurbanas de la provincia de Mil\u00e1n.<\/a><\/li><li><a href=\"https:\/\/portaledelcittadino.blob.core.windows.net\/cittametropolitanamilano\/2019\/06\/Classificazione_SP103_Cassanese_Moderna.pdf\">Clasificaci\u00f3n t\u00e9cnico-funcional de la S.P. 103 Cassanese Moderno<\/a><\/li><li><a href=\"https:\/\/portaledelcittadino.blob.core.windows.net\/cittametropolitanamilano\/2019\/06\/classificazione-SP415.pdf\">Clasificaci\u00f3n t\u00e9cnico-funcional de la S.P. 415 Paullese<\/a><\/li><\/ul><\/div>\n                <\/div><\/div>\t\t<\/div>\n\t\t\t\t<\/div>\n\t\t\t\t\t<\/div>\n\t\t<\/div>\n\t\t\t\t\t<\/div>\n\t\t<\/section>\n\t\t\t\t<\/div>\n\t\t","protected":false},"excerpt":{"rendered":"<p>Reglamento Las normas relativas a los l\u00ecmites de velociad y las sanciones para qui\u00e8nes no las respetan son b\u00e0sicamente establecidas en el art\u00ecculo 142 del &#8230; <\/p>\n","protected":false},"author":2,"featured_media":0,"parent":0,"menu_order":0,"comment_status":"closed","ping_status":"closed","template":"","meta":{"footnotes":""},"yoast_head":"<!-- This site is optimized with the Yoast SEO plugin v20.9 - https:\/\/yoast.com\/wordpress\/plugins\/seo\/ -->\n<title>Reglamento - Citt\u00e0 Metropolitana di Milano<\/title>\n<meta name=\"robots\" content=\"index, follow, max-snippet:-1, max-image-preview:large, max-video-preview:-1\" \/>\n<link rel=\"canonical\" href=\"https:\/\/cittametropolitanamilano.portaleinfo.cloud\/?page_id=589&lang=es\" \/>\n<meta property=\"og:locale\" content=\"it_IT\" \/>\n<meta property=\"og:type\" content=\"article\" \/>\n<meta property=\"og:title\" content=\"Reglamento - Citt\u00e0 Metropolitana di Milano\" \/>\n<meta property=\"og:description\" content=\"Reglamento Las normas relativas a los l\u00ecmites de velociad y las sanciones para qui\u00e8nes no las respetan son b\u00e0sicamente establecidas en el art\u00ecculo 142 del ...\" \/>\n<meta property=\"og:url\" content=\"https:\/\/cittametropolitanamilano.portaleinfo.cloud\/?page_id=589&amp;lang=es\" \/>\n<meta property=\"og:site_name\" content=\"Citt\u00e0 Metropolitana di Milano\" \/>\n<meta property=\"article:modified_time\" content=\"2025-07-09T08:08:10+00:00\" \/>\n<meta name=\"twitter:card\" content=\"summary_large_image\" \/>\n<meta name=\"twitter:label1\" content=\"Tempo di lettura stimato\" \/>\n\t<meta name=\"twitter:data1\" content=\"5 minuti\" \/>\n<script type=\"application\/ld+json\" class=\"yoast-schema-graph\">{\"@context\":\"https:\/\/schema.org\",\"@graph\":[{\"@type\":\"WebPage\",\"@id\":\"https:\/\/cittametropolitanamilano.portaleinfo.cloud\/?page_id=589&lang=es\",\"url\":\"https:\/\/cittametropolitanamilano.portaleinfo.cloud\/?page_id=589&lang=es\",\"name\":\"Reglamento - Citt\u00e0 Metropolitana di Milano\",\"isPartOf\":{\"@id\":\"https:\/\/cittametropolitanamilano.portaleinfo.cloud\/#website\"},\"datePublished\":\"2022-11-11T08:52:40+00:00\",\"dateModified\":\"2025-07-09T08:08:10+00:00\",\"breadcrumb\":{\"@id\":\"https:\/\/cittametropolitanamilano.portaleinfo.cloud\/?page_id=589&lang=es#breadcrumb\"},\"inLanguage\":\"it-IT\",\"potentialAction\":[{\"@type\":\"ReadAction\",\"target\":[\"https:\/\/cittametropolitanamilano.portaleinfo.cloud\/?page_id=589&lang=es\"]}]},{\"@type\":\"BreadcrumbList\",\"@id\":\"https:\/\/cittametropolitanamilano.portaleinfo.cloud\/?page_id=589&lang=es#breadcrumb\",\"itemListElement\":[{\"@type\":\"ListItem\",\"position\":1,\"name\":\"Home\",\"item\":\"https:\/\/cittametropolitanamilano.portaleinfo.cloud\/\"},{\"@type\":\"ListItem\",\"position\":2,\"name\":\"Reglamento\"}]},{\"@type\":\"WebSite\",\"@id\":\"https:\/\/cittametropolitanamilano.portaleinfo.cloud\/#website\",\"url\":\"https:\/\/cittametropolitanamilano.portaleinfo.cloud\/\",\"name\":\"Citt\u00e0 Metropolitana di Milano\",\"description\":\"Portale del cittadino\",\"publisher\":{\"@id\":\"https:\/\/cittametropolitanamilano.portaleinfo.cloud\/#organization\"},\"potentialAction\":[{\"@type\":\"SearchAction\",\"target\":{\"@type\":\"EntryPoint\",\"urlTemplate\":\"https:\/\/cittametropolitanamilano.portaleinfo.cloud\/?s={search_term_string}\"},\"query-input\":\"required name=search_term_string\"}],\"inLanguage\":\"it-IT\"},{\"@type\":\"Organization\",\"@id\":\"https:\/\/cittametropolitanamilano.portaleinfo.cloud\/#organization\",\"name\":\"Citt\u00e0 Metropolitana di Milano\",\"url\":\"https:\/\/cittametropolitanamilano.portaleinfo.cloud\/\",\"logo\":{\"@type\":\"ImageObject\",\"inLanguage\":\"it-IT\",\"@id\":\"https:\/\/cittametropolitanamilano.portaleinfo.cloud\/#\/schema\/logo\/image\/\",\"url\":\"\/wp-content\/uploads\/sites\/2\/2022\/12\/cropped-Il-mio-progetto.png\",\"contentUrl\":\"\/wp-content\/uploads\/sites\/2\/2022\/12\/cropped-Il-mio-progetto.png\",\"width\":80,\"height\":92,\"caption\":\"Citt\u00e0 Metropolitana di Milano\"},\"image\":{\"@id\":\"https:\/\/cittametropolitanamilano.portaleinfo.cloud\/#\/schema\/logo\/image\/\"}}]}<\/script>\n<!-- \/ Yoast SEO plugin. -->","yoast_head_json":{"title":"Reglamento - Citt\u00e0 Metropolitana di Milano","robots":{"index":"index","follow":"follow","max-snippet":"max-snippet:-1","max-image-preview":"max-image-preview:large","max-video-preview":"max-video-preview:-1"},"canonical":"https:\/\/cittametropolitanamilano.portaleinfo.cloud\/?page_id=589&lang=es","og_locale":"it_IT","og_type":"article","og_title":"Reglamento - Citt\u00e0 Metropolitana di Milano","og_description":"Reglamento Las normas relativas a los l\u00ecmites de velociad y las sanciones para qui\u00e8nes no las respetan son b\u00e0sicamente establecidas en el art\u00ecculo 142 del ...","og_url":"https:\/\/cittametropolitanamilano.portaleinfo.cloud\/?page_id=589&lang=es","og_site_name":"Citt\u00e0 Metropolitana di Milano","article_modified_time":"2025-07-09T08:08:10+00:00","twitter_card":"summary_large_image","twitter_misc":{"Tempo di lettura stimato":"5 minuti"},"schema":{"@context":"https:\/\/schema.org","@graph":[{"@type":"WebPage","@id":"https:\/\/cittametropolitanamilano.portaleinfo.cloud\/?page_id=589&lang=es","url":"https:\/\/cittametropolitanamilano.portaleinfo.cloud\/?page_id=589&lang=es","name":"Reglamento - Citt\u00e0 Metropolitana di Milano","isPartOf":{"@id":"https:\/\/cittametropolitanamilano.portaleinfo.cloud\/#website"},"datePublished":"2022-11-11T08:52:40+00:00","dateModified":"2025-07-09T08:08:10+00:00","breadcrumb":{"@id":"https:\/\/cittametropolitanamilano.portaleinfo.cloud\/?page_id=589&lang=es#breadcrumb"},"inLanguage":"it-IT","potentialAction":[{"@type":"ReadAction","target":["https:\/\/cittametropolitanamilano.portaleinfo.cloud\/?page_id=589&lang=es"]}]},{"@type":"BreadcrumbList","@id":"https:\/\/cittametropolitanamilano.portaleinfo.cloud\/?page_id=589&lang=es#breadcrumb","itemListElement":[{"@type":"ListItem","position":1,"name":"Home","item":"https:\/\/cittametropolitanamilano.portaleinfo.cloud\/"},{"@type":"ListItem","position":2,"name":"Reglamento"}]},{"@type":"WebSite","@id":"https:\/\/cittametropolitanamilano.portaleinfo.cloud\/#website","url":"https:\/\/cittametropolitanamilano.portaleinfo.cloud\/","name":"Citt\u00e0 Metropolitana di Milano","description":"Portale del cittadino","publisher":{"@id":"https:\/\/cittametropolitanamilano.portaleinfo.cloud\/#organization"},"potentialAction":[{"@type":"SearchAction","target":{"@type":"EntryPoint","urlTemplate":"https:\/\/cittametropolitanamilano.portaleinfo.cloud\/?s={search_term_string}"},"query-input":"required name=search_term_string"}],"inLanguage":"it-IT"},{"@type":"Organization","@id":"https:\/\/cittametropolitanamilano.portaleinfo.cloud\/#organization","name":"Citt\u00e0 Metropolitana di Milano","url":"https:\/\/cittametropolitanamilano.portaleinfo.cloud\/","logo":{"@type":"ImageObject","inLanguage":"it-IT","@id":"https:\/\/cittametropolitanamilano.portaleinfo.cloud\/#\/schema\/logo\/image\/","url":"\/wp-content\/uploads\/sites\/2\/2022\/12\/cropped-Il-mio-progetto.png","contentUrl":"\/wp-content\/uploads\/sites\/2\/2022\/12\/cropped-Il-mio-progetto.png","width":80,"height":92,"caption":"Citt\u00e0 Metropolitana di Milano"},"image":{"@id":"https:\/\/cittametropolitanamilano.portaleinfo.cloud\/#\/schema\/logo\/image\/"}}]}},"_links":{"self":[{"href":"https:\/\/cittametropolitanamilano.portaleinfo.cloud\/index.php?rest_route=\/wp\/v2\/pages\/589"}],"collection":[{"href":"https:\/\/cittametropolitanamilano.portaleinfo.cloud\/index.php?rest_route=\/wp\/v2\/pages"}],"about":[{"href":"https:\/\/cittametropolitanamilano.portaleinfo.cloud\/index.php?rest_route=\/wp\/v2\/types\/page"}],"author":[{"embeddable":true,"href":"https:\/\/cittametropolitanamilano.portaleinfo.cloud\/index.php?rest_route=\/wp\/v2\/users\/2"}],"replies":[{"embeddable":true,"href":"https:\/\/cittametropolitanamilano.portaleinfo.cloud\/index.php?rest_route=%2Fwp%2Fv2%2Fcomments&post=589"}],"version-history":[{"count":24,"href":"https:\/\/cittametropolitanamilano.portaleinfo.cloud\/index.php?rest_route=\/wp\/v2\/pages\/589\/revisions"}],"predecessor-version":[{"id":4561,"href":"https:\/\/cittametropolitanamilano.portaleinfo.cloud\/index.php?rest_route=\/wp\/v2\/pages\/589\/revisions\/4561"}],"wp:attachment":[{"href":"https:\/\/cittametropolitanamilano.portaleinfo.cloud\/index.php?rest_route=%2Fwp%2Fv2%2Fmedia&parent=589"}],"curies":[{"name":"wp","href":"https:\/\/api.w.org\/{rel}","templated":true}]}}